{"id":20251,"date":"2023-09-28T10:54:34","date_gmt":"2023-09-28T08:54:34","guid":{"rendered":"https:\/\/gruporetiro.com\/inversor\/?post_type=property&#038;p=20251"},"modified":"2026-03-15T12:48:13","modified_gmt":"2026-03-15T11:48:13","slug":"ref-10691-venta-de-nuda-propiedad-en-plaza-fonte-dos-ranchos-lugo","status":"publish","type":"property","link":"https:\/\/www.gruporetiro.com\/inversor\/propiedad\/ref-10691-venta-de-nuda-propiedad-en-plaza-fonte-dos-ranchos-lugo\/","title":{"rendered":"Venta de Nuda Propiedad en Plaza Fonte Dos Ranchos (LUGO)"},"content":{"rendered":"<p>Hombres de 89 y 73 a\u00f1os y mujer de 71 a\u00f1os venden la nuda propiedad de su vivienda de 151 m<sup>2<\/sup>, junto con garaje y trastero, en Plaza Fonte dos Ranchos (Lugo), que est\u00e1n valorados en 210.000 \u20ac. Los vendedores se reservan el usufructo vitalicio de los inmuebles.<\/p>\n<p>Se transmiten a cambio de un pago \u00fanico de capital de 78.100 \u20ac.<\/p>\n<p><strong><span style=\"color: #1ea699;\">DATOS DEL INMUEBLE<\/span><\/strong><\/p>\n<ul>\n<li><strong>DESCRIPCI\u00d3N:<\/strong> Vivienda que consta de vest\u00edbulo, pasillo distribuidor, sal\u00f3n-comedor con salida a terraza (con dos accesos, uno desde el sal\u00f3n y otro desde el comedor), un sal\u00f3n con salida a balc\u00f3n y ventana, tres dormitorios (dos dobles y uno individual), un ba\u00f1o con plato de ducha, un ba\u00f1o con ba\u00f1era peque\u00f1a y cocina con despensa y salida a terraza acristalada. Junto a la vivienda se transmiten una plaza de garaje y un trastero anejo.<\/li>\n<li><strong>SUPERFICIE: <\/strong>En Catastro: vivienda 151 m<sup>2<\/sup> (141 m<sup>2<\/sup> vivienda y 10 m<sup>2<\/sup> elementos comunes). Garaje-trastero: onceavas partes de 370 m<sup>2<\/sup> (349 m<sup>2<\/sup> aparcamiento y 21 m<sup>2<\/sup> elementos comunes).<\/li>\n<\/ul>\n<p><strong><span style=\"color: #1ea699;\">OTROS DATOS<\/span><\/strong><\/p>\n<ul>\n<li>Calefacci\u00f3n: central (gas).<\/li>\n<li>Agua caliente: individual (calentador).<\/li>\n<li>VPO: no.<\/li>\n<li>Condiciones de accesibilidad: ascensor: s\u00ed (1). Acceso al portal: 1 escal\u00f3n. Acceso al ascensor: varios escalones.<\/li>\n<\/ul>\n","protected":false},"excerpt":{"rendered":"<p>Hombres de 89 y 73 a\u00f1os y mujer de 71 a\u00f1os venden la nuda propiedad de su vivienda de 151 m2, junto con garaje y trastero, en Plaza Fonte dos Ranchos (Lugo), que est\u00e1n valorados en 210.000 \u20ac. Los vendedores se reservan el usufructo vitalicio de los inmuebles. Se transmiten a cambio de un pago [&hellip;]<\/p>\n","protected":false},"author":1,"featured_media":20693,"parent":0,"menu_order":0,"template":"","property_type":[88],"property_status":[],"property_feature":[191,183,187,177],"property_label":[],"property_country":[65],"property_state":[],"property_city":[197],"property_area":[],"class_list":["post-20251","property","type-property","status-publish","has-post-thumbnail","hentry","property_type-nuda-propiedad","property_feature-calefaccion-central","property_feature-plaza-de-garaje","property_feature-terraza","property_feature-trastrero","property_country-espana","property_city-lugo"],"acf":[],"property_meta":{"_wp_page_template":["default"],"fave_property_map_address":["Praza Fonte dos Ranchos, Lugo, Espa\u00f1a"],"fave_property_price":["78100 \u20ac"],"fave_property_size":["151"],"fave_property_bedrooms":["3"],"fave_property_bathrooms":["2"],"fave_property_year":["1982"],"fave_valor-de-mercado":["210.000 \u20ac"],"fave_valor-de-vivienda":["Pago \u00fanico de capital de 78.100 \u20ac"],"fave_edad":["89, 73 y 71"],"fave_vpo":["NO"],"fave_accesibilidad":["Acceso al portal: 1 escal\u00f3n. Acceso a ascensor: varios escalones."],"fave_superficie-catastral":["141 m2\u00a0\u00a0vivienda y 10 m2 elementos comunes"],"fave_descripcion-tarjeta":["Muy buena ubicaci\u00f3n en Lugo. Oportunidad"],"houzez_total_property_views":["386"],"houzez_views_by_date":["a:61:{s:10:\"02-23-2026\";i:2;s:10:\"02-24-2026\";i:3;s:10:\"02-25-2026\";i:5;s:10:\"02-26-2026\";i:3;s:10:\"02-27-2026\";i:4;s:10:\"02-28-2026\";i:6;s:10:\"03-01-2026\";i:3;s:10:\"03-03-2026\";i:2;s:10:\"03-04-2026\";i:6;s:10:\"03-06-2026\";i:1;s:10:\"03-07-2026\";i:6;s:10:\"03-09-2026\";i:2;s:10:\"03-10-2026\";i:2;s:10:\"03-11-2026\";i:3;s:10:\"03-12-2026\";i:1;s:10:\"03-13-2026\";i:4;s:10:\"03-15-2026\";i:1;s:10:\"03-17-2026\";i:3;s:10:\"03-18-2026\";i:3;s:10:\"03-19-2026\";i:1;s:10:\"03-20-2026\";i:2;s:10:\"03-21-2026\";i:6;s:10:\"03-22-2026\";i:2;s:10:\"03-23-2026\";i:7;s:10:\"03-24-2026\";i:2;s:10:\"03-25-2026\";i:5;s:10:\"03-26-2026\";i:3;s:10:\"03-27-2026\";i:4;s:10:\"03-28-2026\";i:4;s:10:\"03-29-2026\";i:8;s:10:\"03-30-2026\";i:12;s:10:\"03-31-2026\";i:6;s:10:\"04-01-2026\";i:5;s:10:\"04-02-2026\";i:5;s:10:\"04-03-2026\";i:10;s:10:\"04-04-2026\";i:6;s:10:\"04-05-2026\";i:5;s:10:\"04-06-2026\";i:8;s:10:\"04-07-2026\";i:2;s:10:\"04-08-2026\";i:11;s:10:\"04-09-2026\";i:10;s:10:\"04-10-2026\";i:6;s:10:\"04-11-2026\";i:4;s:10:\"04-12-2026\";i:6;s:10:\"04-13-2026\";i:5;s:10:\"04-14-2026\";i:4;s:10:\"04-15-2026\";i:3;s:10:\"04-16-2026\";i:2;s:10:\"04-17-2026\";i:1;s:10:\"04-18-2026\";i:7;s:10:\"04-19-2026\";i:7;s:10:\"04-20-2026\";i:4;s:10:\"04-21-2026\";i:5;s:10:\"04-22-2026\";i:2;s:10:\"04-23-2026\";i:7;s:10:\"04-24-2026\";i:2;s:10:\"04-25-2026\";i:4;s:10:\"04-26-2026\";i:8;s:10:\"04-27-2026\";i:5;s:10:\"04-28-2026\";i:5;s:10:\"04-29-2026\";i:6;}"],"houzez_recently_viewed":["2026-04-29 22:44:39"],"_edit_lock":["1773575156:2"],"_edit_last":["2"],"fave_show_price_placeholder":["0"],"fave_property_size_prefix":["m\u00b2"],"fave_property_location":["43.0125928,-7.5660948,14"],"houzez_geolocation_lat":["43.0125928"],"houzez_geolocation_long":["-7.5660948"],"fave_property_map_street_view":["hide"],"fave_agent_display_option":["agent_info"],"fave_single_top_area":["global"],"fave_single_content_area":["global"],"houzez_manual_expire":["0"],"_houzez_expiration_date_status":["saved"],"fave_payment_status":["not_paid"],"_thumbnail_id":["20693"],"fave_property_id":["10691"],"fave_property_map":["1"],"fave_property_address":["Fonte dos Ranchos, Plaza Fuente de los Ranchos, Lugo, Fonte dos Ranchos, Lugo, Galicia, 27004, Espa\u00f1a"],"fave_property_zip":["27004"],"otros_datos":["<h5><strong><span style=\"color: #1ea69a;\">CONDICIONES ECON\u00d3MICAS DE LA OPERACI\u00d3N<\/span><\/strong><\/h5>\r\n<ul>\r\n \t<li style=\"list-style-type: none;\">Usted como comprador adquiere la Nuda Propiedad del inmueble a cambio del pago \u00fanico de una cantidad. Los vendedores se reservan el usufructo vitalicio de la vivienda, plaza de garaje y trastero. Por tanto, al fallecimiento de los usufructuarios, Usted como comprador, pasar\u00e1 a tener la plena disponibilidad de los inmuebles, al consolidarse el Uso y Disfrute de la misma con la Nuda Propiedad.<\/li>\r\n<\/ul>\r\n<ul>\r\n \t<li style=\"list-style-type: none;\">\r\n<ul>\r\n \t<li style=\"list-style-type: none;\"><\/li>\r\n<\/ul>\r\n<\/li>\r\n<\/ul>\r\n<h5><strong><span style=\"color: #1ea69a;\">GASTOS DEL INMUEBLE<\/span><\/strong><\/h5>\r\n<p style=\"padding-left: 40px;\">Ser\u00e1n a cargo del comprador los recibos del IBI, las cuotas extraordinarias de Comunidad y el seguro del continente de la vivienda.\r\nEl resto de gastos, es decir, las cuotas ordinarias de comunidad, la Tasa municipal de Residuos Urbanos (si llegara a existir) y los recibos de los suministros ser\u00e1n a cargo de los usufructuarios.<\/p>\r\n\r\n<ul>\r\n \t<li style=\"list-style-type: none;\">\r\n<ul>\r\n \t<li style=\"list-style-type: none;\"><\/li>\r\n<\/ul>\r\n<\/li>\r\n<\/ul>\r\n<strong>Los Honorarios Profesionales de Mediaci\u00f3n de GRUPO RETIRO y los gastos asociados a esta operaci\u00f3n no est\u00e1n incluidos en el precio.<\/strong>"],"_otros_datos":["field_697c0f0ac1b24"],"fave_agents":["19757"],"fave_property_garage":["1"],"fave_estado-de-conservacic3b3n":["Buen estado"],"_yoast_wpseo_primary_property_type":[""],"_yoast_wpseo_primary_property_status":[""],"_yoast_wpseo_primary_property_feature":["191"],"_yoast_wpseo_primary_property_label":[""],"_yoast_wpseo_primary_property_country":[""],"_yoast_wpseo_primary_property_state":[""],"_yoast_wpseo_primary_property_city":[""],"_yoast_wpseo_primary_property_area":[""],"_yoast_wpseo_content_score":["90"],"_yoast_wpseo_estimated-reading-time-minutes":["2"],"fave_ite":["Pendiente de informaci\u00f3n de ITE."],"fave_property_images":["20259","20260","20261","20262","20263","20264","20265","20266","20267","20268"],"fave_prop_slider_image":["20101"],"_elementor_page_assets":["a:0:{}"]},"yoast_head":"<!-- This site is optimized with the Yoast SEO plugin v26.9 - https:\/\/yoast.com\/product\/yoast-seo-wordpress\/ -->\n<title>Venta de Nuda Propiedad en Plaza Fonte Dos Ranchos (LUGO) - Inversi\u00f3n Renta Vitalicia<\/title>\n<meta name=\"robots\" content=\"index, follow, max-snippet:-1, max-image-preview:large, max-video-preview:-1\" \/>\n<link rel=\"canonical\" href=\"https:\/\/www.gruporetiro.com\/inversor\/propiedad\/ref-10691-venta-de-nuda-propiedad-en-plaza-fonte-dos-ranchos-lugo\/\" \/>\n<meta property=\"og:locale\" content=\"es_ES\" \/>\n<meta property=\"og:type\" content=\"article\" \/>\n<meta property=\"og:title\" content=\"Venta de Nuda Propiedad en Plaza Fonte Dos Ranchos (LUGO) - Inversi\u00f3n Renta Vitalicia\" \/>\n<meta property=\"og:description\" content=\"Hombres de 89 y 73 a\u00f1os y mujer de 71 a\u00f1os venden la nuda propiedad de su vivienda de 151 m2, junto con garaje y trastero, en Plaza Fonte dos Ranchos (Lugo), que est\u00e1n valorados en 210.000 \u20ac. Los vendedores se reservan el usufructo vitalicio de los inmuebles. Se transmiten a cambio de un pago [&hellip;]\" \/>\n<meta property=\"og:url\" content=\"https:\/\/www.gruporetiro.com\/inversor\/propiedad\/ref-10691-venta-de-nuda-propiedad-en-plaza-fonte-dos-ranchos-lugo\/\" \/>\n<meta property=\"og:site_name\" content=\"Inversi\u00f3n Renta Vitalicia\" \/>\n<meta property=\"article:modified_time\" content=\"2026-03-15T11:48:13+00:00\" \/>\n<meta property=\"og:image\" content=\"https:\/\/www.gruporetiro.com\/inversor\/wp-content\/uploads\/2023\/09\/SALON_1.jpg\" \/>\n\t<meta property=\"og:image:width\" content=\"1735\" \/>\n\t<meta property=\"og:image:height\" content=\"889\" \/>\n\t<meta property=\"og:image:type\" content=\"image\/jpeg\" \/>\n<meta name=\"twitter:card\" content=\"summary_large_image\" \/>\n<meta name=\"twitter:label1\" content=\"Tiempo de lectura\" \/>\n\t<meta name=\"twitter:data1\" content=\"2 minutos\" \/>\n<script type=\"application\/ld+json\" class=\"yoast-schema-graph\">{\"@context\":\"https:\/\/schema.org\",\"@graph\":[{\"@type\":\"WebPage\",\"@id\":\"https:\/\/www.gruporetiro.com\/inversor\/propiedad\/ref-10691-venta-de-nuda-propiedad-en-plaza-fonte-dos-ranchos-lugo\/\",\"url\":\"https:\/\/www.gruporetiro.com\/inversor\/propiedad\/ref-10691-venta-de-nuda-propiedad-en-plaza-fonte-dos-ranchos-lugo\/\",\"name\":\"Venta de Nuda Propiedad en Plaza Fonte Dos Ranchos (LUGO) - Inversi\u00f3n Renta Vitalicia\",\"isPartOf\":{\"@id\":\"https:\/\/www.gruporetiro.com\/inversor\/#website\"},\"primaryImageOfPage\":{\"@id\":\"https:\/\/www.gruporetiro.com\/inversor\/propiedad\/ref-10691-venta-de-nuda-propiedad-en-plaza-fonte-dos-ranchos-lugo\/#primaryimage\"},\"image\":{\"@id\":\"https:\/\/www.gruporetiro.com\/inversor\/propiedad\/ref-10691-venta-de-nuda-propiedad-en-plaza-fonte-dos-ranchos-lugo\/#primaryimage\"},\"thumbnailUrl\":\"https:\/\/www.gruporetiro.com\/inversor\/wp-content\/uploads\/2023\/09\/SALON_1.jpg\",\"datePublished\":\"2023-09-28T08:54:34+00:00\",\"dateModified\":\"2026-03-15T11:48:13+00:00\",\"breadcrumb\":{\"@id\":\"https:\/\/www.gruporetiro.com\/inversor\/propiedad\/ref-10691-venta-de-nuda-propiedad-en-plaza-fonte-dos-ranchos-lugo\/#breadcrumb\"},\"inLanguage\":\"es\",\"potentialAction\":[{\"@type\":\"ReadAction\",\"target\":[\"https:\/\/www.gruporetiro.com\/inversor\/propiedad\/ref-10691-venta-de-nuda-propiedad-en-plaza-fonte-dos-ranchos-lugo\/\"]}]},{\"@type\":\"ImageObject\",\"inLanguage\":\"es\",\"@id\":\"https:\/\/www.gruporetiro.com\/inversor\/propiedad\/ref-10691-venta-de-nuda-propiedad-en-plaza-fonte-dos-ranchos-lugo\/#primaryimage\",\"url\":\"https:\/\/www.gruporetiro.com\/inversor\/wp-content\/uploads\/2023\/09\/SALON_1.jpg\",\"contentUrl\":\"https:\/\/www.gruporetiro.com\/inversor\/wp-content\/uploads\/2023\/09\/SALON_1.jpg\",\"width\":1735,\"height\":889},{\"@type\":\"BreadcrumbList\",\"@id\":\"https:\/\/www.gruporetiro.com\/inversor\/propiedad\/ref-10691-venta-de-nuda-propiedad-en-plaza-fonte-dos-ranchos-lugo\/#breadcrumb\",\"itemListElement\":[{\"@type\":\"ListItem\",\"position\":1,\"name\":\"Portada\",\"item\":\"https:\/\/www.gruporetiro.com\/inversor\/\"},{\"@type\":\"ListItem\",\"position\":2,\"name\":\"Propiedades\",\"item\":\"https:\/\/www.gruporetiro.com\/inversor\/propiedad\/\"},{\"@type\":\"ListItem\",\"position\":3,\"name\":\"Venta de Nuda Propiedad en Plaza Fonte Dos Ranchos (LUGO)\"}]},{\"@type\":\"WebSite\",\"@id\":\"https:\/\/www.gruporetiro.com\/inversor\/#website\",\"url\":\"https:\/\/www.gruporetiro.com\/inversor\/\",\"name\":\"Inversi\u00f3n Renta Vitalicia\",\"description\":\"\",\"potentialAction\":[{\"@type\":\"SearchAction\",\"target\":{\"@type\":\"EntryPoint\",\"urlTemplate\":\"https:\/\/www.gruporetiro.com\/inversor\/?s={search_term_string}\"},\"query-input\":{\"@type\":\"PropertyValueSpecification\",\"valueRequired\":true,\"valueName\":\"search_term_string\"}}],\"inLanguage\":\"es\"}]}<\/script>\n<!-- \/ Yoast SEO plugin. -->","yoast_head_json":{"title":"Venta de Nuda Propiedad en Plaza Fonte Dos Ranchos (LUGO) - Inversi\u00f3n Renta Vitalicia","robots":{"index":"index","follow":"follow","max-snippet":"max-snippet:-1","max-image-preview":"max-image-preview:large","max-video-preview":"max-video-preview:-1"},"canonical":"https:\/\/www.gruporetiro.com\/inversor\/propiedad\/ref-10691-venta-de-nuda-propiedad-en-plaza-fonte-dos-ranchos-lugo\/","og_locale":"es_ES","og_type":"article","og_title":"Venta de Nuda Propiedad en Plaza Fonte Dos Ranchos (LUGO) - Inversi\u00f3n Renta Vitalicia","og_description":"Hombres de 89 y 73 a\u00f1os y mujer de 71 a\u00f1os venden la nuda propiedad de su vivienda de 151 m2, junto con garaje y trastero, en Plaza Fonte dos Ranchos (Lugo), que est\u00e1n valorados en 210.000 \u20ac. Los vendedores se reservan el usufructo vitalicio de los inmuebles. Se transmiten a cambio de un pago [&hellip;]","og_url":"https:\/\/www.gruporetiro.com\/inversor\/propiedad\/ref-10691-venta-de-nuda-propiedad-en-plaza-fonte-dos-ranchos-lugo\/","og_site_name":"Inversi\u00f3n Renta Vitalicia","article_modified_time":"2026-03-15T11:48:13+00:00","og_image":[{"width":1735,"height":889,"url":"https:\/\/www.gruporetiro.com\/inversor\/wp-content\/uploads\/2023\/09\/SALON_1.jpg","type":"image\/jpeg"}],"twitter_card":"summary_large_image","twitter_misc":{"Tiempo de lectura":"2 minutos"},"schema":{"@context":"https:\/\/schema.org","@graph":[{"@type":"WebPage","@id":"https:\/\/www.gruporetiro.com\/inversor\/propiedad\/ref-10691-venta-de-nuda-propiedad-en-plaza-fonte-dos-ranchos-lugo\/","url":"https:\/\/www.gruporetiro.com\/inversor\/propiedad\/ref-10691-venta-de-nuda-propiedad-en-plaza-fonte-dos-ranchos-lugo\/","name":"Venta de Nuda Propiedad en Plaza Fonte Dos Ranchos (LUGO) - Inversi\u00f3n Renta Vitalicia","isPartOf":{"@id":"https:\/\/www.gruporetiro.com\/inversor\/#website"},"primaryImageOfPage":{"@id":"https:\/\/www.gruporetiro.com\/inversor\/propiedad\/ref-10691-venta-de-nuda-propiedad-en-plaza-fonte-dos-ranchos-lugo\/#primaryimage"},"image":{"@id":"https:\/\/www.gruporetiro.com\/inversor\/propiedad\/ref-10691-venta-de-nuda-propiedad-en-plaza-fonte-dos-ranchos-lugo\/#primaryimage"},"thumbnailUrl":"https:\/\/www.gruporetiro.com\/inversor\/wp-content\/uploads\/2023\/09\/SALON_1.jpg","datePublished":"2023-09-28T08:54:34+00:00","dateModified":"2026-03-15T11:48:13+00:00","breadcrumb":{"@id":"https:\/\/www.gruporetiro.com\/inversor\/propiedad\/ref-10691-venta-de-nuda-propiedad-en-plaza-fonte-dos-ranchos-lugo\/#breadcrumb"},"inLanguage":"es","potentialAction":[{"@type":"ReadAction","target":["https:\/\/www.gruporetiro.com\/inversor\/propiedad\/ref-10691-venta-de-nuda-propiedad-en-plaza-fonte-dos-ranchos-lugo\/"]}]},{"@type":"ImageObject","inLanguage":"es","@id":"https:\/\/www.gruporetiro.com\/inversor\/propiedad\/ref-10691-venta-de-nuda-propiedad-en-plaza-fonte-dos-ranchos-lugo\/#primaryimage","url":"https:\/\/www.gruporetiro.com\/inversor\/wp-content\/uploads\/2023\/09\/SALON_1.jpg","contentUrl":"https:\/\/www.gruporetiro.com\/inversor\/wp-content\/uploads\/2023\/09\/SALON_1.jpg","width":1735,"height":889},{"@type":"BreadcrumbList","@id":"https:\/\/www.gruporetiro.com\/inversor\/propiedad\/ref-10691-venta-de-nuda-propiedad-en-plaza-fonte-dos-ranchos-lugo\/#breadcrumb","itemListElement":[{"@type":"ListItem","position":1,"name":"Portada","item":"https:\/\/www.gruporetiro.com\/inversor\/"},{"@type":"ListItem","position":2,"name":"Propiedades","item":"https:\/\/www.gruporetiro.com\/inversor\/propiedad\/"},{"@type":"ListItem","position":3,"name":"Venta de Nuda Propiedad en Plaza Fonte Dos Ranchos (LUGO)"}]},{"@type":"WebSite","@id":"https:\/\/www.gruporetiro.com\/inversor\/#website","url":"https:\/\/www.gruporetiro.com\/inversor\/","name":"Inversi\u00f3n Renta Vitalicia","description":"","potentialAction":[{"@type":"SearchAction","target":{"@type":"EntryPoint","urlTemplate":"https:\/\/www.gruporetiro.com\/inversor\/?s={search_term_string}"},"query-input":{"@type":"PropertyValueSpecification","valueRequired":true,"valueName":"search_term_string"}}],"inLanguage":"es"}]}},"_links":{"self":[{"href":"https:\/\/www.gruporetiro.com\/inversor\/wp-json\/wp\/v2\/Propiedades\/20251","targetHints":{"allow":["GET"]}}],"collection":[{"href":"https:\/\/www.gruporetiro.com\/inversor\/wp-json\/wp\/v2\/Propiedades"}],"about":[{"href":"https:\/\/www.gruporetiro.com\/inversor\/wp-json\/wp\/v2\/types\/property"}],"author":[{"embeddable":true,"href":"https:\/\/www.gruporetiro.com\/inversor\/wp-json\/wp\/v2\/users\/1"}],"version-history":[{"count":28,"href":"https:\/\/www.gruporetiro.com\/inversor\/wp-json\/wp\/v2\/Propiedades\/20251\/revisions"}],"predecessor-version":[{"id":20986,"href":"https:\/\/www.gruporetiro.com\/inversor\/wp-json\/wp\/v2\/Propiedades\/20251\/revisions\/20986"}],"wp:featuredmedia":[{"embeddable":true,"href":"https:\/\/www.gruporetiro.com\/inversor\/wp-json\/wp\/v2\/media\/20693"}],"wp:attachment":[{"href":"https:\/\/www.gruporetiro.com\/inversor\/wp-json\/wp\/v2\/media?parent=20251"}],"wp:term":[{"taxonomy":"property_type","embeddable":true,"href":"https:\/\/www.gruporetiro.com\/inversor\/wp-json\/wp\/v2\/property_type?post=20251"},{"taxonomy":"property_status","embeddable":true,"href":"https:\/\/www.gruporetiro.com\/inversor\/wp-json\/wp\/v2\/property_status?post=20251"},{"taxonomy":"property_feature","embeddable":true,"href":"https:\/\/www.gruporetiro.com\/inversor\/wp-json\/wp\/v2\/property_feature?post=20251"},{"taxonomy":"property_label","embeddable":true,"href":"https:\/\/www.gruporetiro.com\/inversor\/wp-json\/wp\/v2\/property_label?post=20251"},{"taxonomy":"property_country","embeddable":true,"href":"https:\/\/www.gruporetiro.com\/inversor\/wp-json\/wp\/v2\/property_country?post=20251"},{"taxonomy":"property_state","embeddable":true,"href":"https:\/\/www.gruporetiro.com\/inversor\/wp-json\/wp\/v2\/property_state?post=20251"},{"taxonomy":"property_city","embeddable":true,"href":"https:\/\/www.gruporetiro.com\/inversor\/wp-json\/wp\/v2\/property_city?post=20251"},{"taxonomy":"property_area","embeddable":true,"href":"https:\/\/www.gruporetiro.com\/inversor\/wp-json\/wp\/v2\/property_area?post=20251"}],"curies":[{"name":"wp","href":"https:\/\/api.w.org\/{rel}","templated":true}]}}