{"id":21185,"date":"2026-03-11T14:36:57","date_gmt":"2026-03-11T13:36:57","guid":{"rendered":"https:\/\/gruporetiro.com\/inversor\/?post_type=property&#038;p=21185"},"modified":"2026-03-31T13:28:09","modified_gmt":"2026-03-31T11:28:09","slug":"renta-vitalicia-en-cl-alfredo-marquerie-madrid-2","status":"publish","type":"property","link":"https:\/\/www.gruporetiro.com\/inversor\/propiedad\/renta-vitalicia-en-cl-alfredo-marquerie-madrid-2\/","title":{"rendered":"Renta Vitalicia en Cl Centeno (Madrid)"},"content":{"rendered":"<p>Hombre de 68 a\u00f1os, vende la nuda propiedad de su vivienda de 59 m<sup>2<\/sup> en Cl Centeno (Madrid), que est\u00e1 valorada en 200.000 \u20ac.\u00a0 El vendedor se reserva el usufructo vitalicio del inmueble<\/p>\n<p>Se transmite a cambio de una renta vitalicia de 600 \u20ac\/mes<\/p>\n<h4><strong><span style=\"color: #1ea699;\">DATOS DEL INMUEBLE<\/span><\/strong><\/h4>\n<ul>\n<li><strong>DESCRIPCI\u00d3N:<\/strong> VIVIENDA EXTERIOR a zona ajardinada, en buen estado de conservaci\u00f3n aunque ser\u00e1 necesaria actualizaci\u00f3n, que consta de pasillo distribuidor, salita con salida a terraza, tres dormitorios, cocina, despensa-trastero y ba\u00f1o.<\/li>\n<li><strong>SUPERFICIE:<\/strong> EN CATASTRO: 59 m2 (vivienda 56 m2 y 3 m2 elementos comunes).<\/li>\n<\/ul>\n<h4><strong><span style=\"color: #1ea699;\">OTROS DATOS<\/span><\/strong><\/h4>\n<p style=\"padding-left: 40px;\">\u2022\u00a0VPO:\u00a0NO. Vivienda libre.<br \/>\n\u2022\u00a0Condiciones de accesibilidad: Ascensor: NO. Acceso al portal: nivel de calle.<br \/>\n\u2022\u00a0\u00daltima ITE en 2025 con resultado favorable.\u00a0 Pr\u00f3xima ITE\/IEE en 2035.<\/p>\n","protected":false},"excerpt":{"rendered":"<p>Hombre de 68 a\u00f1os, vende la nuda propiedad de su vivienda de 59 m2 en Cl Centeno (Madrid), que est\u00e1 valorada en 200.000 \u20ac.\u00a0 El vendedor se reserva el usufructo vitalicio del inmueble Se transmite a cambio de una renta vitalicia de 600 \u20ac\/mes DATOS DEL INMUEBLE DESCRIPCI\u00d3N: VIVIENDA EXTERIOR a zona ajardinada, en buen [&hellip;]<\/p>\n","protected":false},"author":2,"featured_media":21199,"parent":0,"menu_order":0,"template":"","property_type":[87],"property_status":[210],"property_feature":[],"property_label":[49],"property_country":[65],"property_state":[209],"property_city":[24],"property_area":[],"class_list":["post-21185","property","type-property","status-publish","has-post-thumbnail","hentry","property_type-renta-vitalicia","property_status-vendido","property_label-reservado","property_country-espana","property_state-reservado","property_city-madrid"],"acf":[],"property_meta":{"_edit_lock":["1774956363:2"],"_edit_last":["2"],"_thumbnail_id":["21199"],"fave_property_price":["600 \u20ac"],"fave_show_price_placeholder":["0"],"fave_property_price_prefix":["Renta Vitalicia de"],"fave_property_price_postfix":["mes"],"fave_property_size":["59"],"fave_property_size_prefix":["m\u00b2"],"fave_property_bedrooms":["3"],"fave_property_bathrooms":["1"],"fave_property_year":["1961"],"fave_property_id":["15511"],"fave_valor-de-mercado":["200.000 \u20ac"],"fave_valor-de-vivienda":["Renta vitalicia de 600 \u20ac\/mes"],"fave_edad":["68"],"fave_vpo":["NO"],"fave_ite":["2035"],"fave_superficie-catastral":["59"],"fave_descripcion-tarjeta":["Oportunidad en Madrid"],"fave_property_map":["1"],"fave_property_location":["40.378977,-3.7138062,15"],"houzez_geolocation_lat":["40.378977"],"houzez_geolocation_long":["-3.7138062"],"fave_property_map_street_view":["hide"],"fave_featured":["0"],"houzez_featured_listing_date":[""],"fave_loggedintoview":["0"],"fave_agent_display_option":["author_info"],"fave_prop_homeslider":["no"],"fave_single_top_area":["global"],"fave_single_content_area":["global"],"otros_datos":["<h5><strong><span style=\"color: #1ea69a;\">CONDICIONES DE COMPRA<\/span><\/strong><\/h5>\r\n<p style=\"padding-left: 40px;\">La Persona Mayor transmite la nuda propiedad de la vivienda a cambio de una renta vitalicia mensual y constante, reserv\u00e1ndose el usufructo de la misma hasta su fallecimiento o hasta su renuncia al mismo (en cuyo caso el importe de la renta mensual se incrementar\u00eda en un 75%), momento en el cual el comprador pasar\u00e1 a ser pleno propietario del inmueble.<\/p>\r\n\r\n<h5><strong><span style=\"color: #1ea69a;\">GASTOS DEL INMUEBLE<\/span><\/strong><\/h5>\r\n<p style=\"padding-left: 40px;\">Ser\u00e1n a cargo del comprador los recibos del IBI, las cuotas extraordinarias de Comunidad y el seguro del continente de la vivienda.\r\nEl resto de gastos, es decir, las cuotas ordinarias de comunidad, la Tasa municipal de Residuos Urbanos (si llegara a existir), seguro de contenido con responsabilidad civil y los recibos de los suministros ser\u00e1n a cargo del usufructuario.<\/p>\r\n\r\n<ul>\r\n \t<li style=\"list-style-type: none;\">\r\n<ul>\r\n \t<li style=\"list-style-type: none;\"><\/li>\r\n<\/ul>\r\n<\/li>\r\n<\/ul>\r\n<strong>Los Honorarios Profesionales de Mediaci\u00f3n de GRUPO RETIRO y los gastos asociados a esta operaci\u00f3n no est\u00e1n incluidos en el precio.<\/strong>"],"_otros_datos":["field_697c0f0ac1b24"],"houzez_manual_expire":["0"],"_houzez_expiration_date_status":["saved"],"fave_payment_status":["not_paid"],"_yoast_wpseo_primary_property_type":["87"],"_yoast_wpseo_primary_property_status":["210"],"_yoast_wpseo_primary_property_feature":[""],"_yoast_wpseo_primary_property_label":["49"],"_yoast_wpseo_primary_property_country":["65"],"_yoast_wpseo_primary_property_state":["209"],"_yoast_wpseo_primary_property_city":["24"],"_yoast_wpseo_primary_property_area":[""],"_yoast_wpseo_content_score":["90"],"_yoast_wpseo_estimated-reading-time-minutes":["1"],"houzez_total_property_views":["447"],"houzez_views_by_date":["a:56:{s:10:\"03-06-2026\";i:15;s:10:\"03-07-2026\";i:10;s:10:\"03-08-2026\";i:2;s:10:\"03-09-2026\";i:36;s:10:\"03-10-2026\";i:9;s:10:\"03-11-2026\";i:17;s:10:\"03-12-2026\";i:8;s:10:\"03-13-2026\";i:6;s:10:\"03-14-2026\";i:8;s:10:\"03-15-2026\";i:12;s:10:\"03-16-2026\";i:8;s:10:\"03-17-2026\";i:10;s:10:\"03-18-2026\";i:4;s:10:\"03-19-2026\";i:5;s:10:\"03-20-2026\";i:6;s:10:\"03-21-2026\";i:7;s:10:\"03-22-2026\";i:8;s:10:\"03-23-2026\";i:8;s:10:\"03-24-2026\";i:2;s:10:\"03-25-2026\";i:9;s:10:\"03-26-2026\";i:8;s:10:\"03-27-2026\";i:9;s:10:\"03-28-2026\";i:5;s:10:\"03-29-2026\";i:6;s:10:\"03-30-2026\";i:5;s:10:\"03-31-2026\";i:9;s:10:\"04-01-2026\";i:4;s:10:\"04-02-2026\";i:1;s:10:\"04-03-2026\";i:11;s:10:\"04-04-2026\";i:5;s:10:\"04-05-2026\";i:4;s:10:\"04-06-2026\";i:10;s:10:\"04-07-2026\";i:4;s:10:\"04-08-2026\";i:7;s:10:\"04-09-2026\";i:8;s:10:\"04-10-2026\";i:8;s:10:\"04-12-2026\";i:17;s:10:\"04-13-2026\";i:7;s:10:\"04-14-2026\";i:5;s:10:\"04-15-2026\";i:4;s:10:\"04-16-2026\";i:2;s:10:\"04-17-2026\";i:7;s:10:\"04-18-2026\";i:7;s:10:\"04-19-2026\";i:8;s:10:\"04-20-2026\";i:3;s:10:\"04-21-2026\";i:11;s:10:\"04-22-2026\";i:4;s:10:\"04-23-2026\";i:4;s:10:\"04-24-2026\";i:4;s:10:\"04-25-2026\";i:3;s:10:\"04-26-2026\";i:7;s:10:\"04-27-2026\";i:24;s:10:\"04-28-2026\";i:8;s:10:\"04-29-2026\";i:22;s:10:\"04-30-2026\";i:2;s:10:\"05-01-2026\";i:4;}"],"houzez_recently_viewed":["2026-05-01 21:40:48"],"fave_property_map_address":["Calle Centeno, Madrid, Espa\u00f1a"],"_elementor_page_assets":["a:0:{}"],"fave_property_images":["21199","21200","21201","21202","21203","21190","21191","21192","21204","21205","21186","21197","21196","21198","21193","21194","21195","21188","21187","21189","21159"]},"yoast_head":"<!-- This site is optimized with the Yoast SEO plugin v26.9 - https:\/\/yoast.com\/product\/yoast-seo-wordpress\/ -->\n<title>Renta Vitalicia en Cl Centeno (Madrid) - Inversi\u00f3n Renta Vitalicia<\/title>\n<meta name=\"robots\" content=\"index, follow, max-snippet:-1, max-image-preview:large, max-video-preview:-1\" \/>\n<link rel=\"canonical\" href=\"https:\/\/www.gruporetiro.com\/inversor\/propiedad\/renta-vitalicia-en-cl-alfredo-marquerie-madrid-2\/\" \/>\n<meta property=\"og:locale\" content=\"es_ES\" \/>\n<meta property=\"og:type\" content=\"article\" \/>\n<meta property=\"og:title\" content=\"Renta Vitalicia en Cl Centeno (Madrid) - Inversi\u00f3n Renta Vitalicia\" \/>\n<meta property=\"og:description\" content=\"Hombre de 68 a\u00f1os, vende la nuda propiedad de su vivienda de 59 m2 en Cl Centeno (Madrid), que est\u00e1 valorada en 200.000 \u20ac.\u00a0 El vendedor se reserva el usufructo vitalicio del inmueble Se transmite a cambio de una renta vitalicia de 600 \u20ac\/mes DATOS DEL INMUEBLE DESCRIPCI\u00d3N: VIVIENDA EXTERIOR a zona ajardinada, en buen [&hellip;]\" \/>\n<meta property=\"og:url\" content=\"https:\/\/www.gruporetiro.com\/inversor\/propiedad\/renta-vitalicia-en-cl-alfredo-marquerie-madrid-2\/\" \/>\n<meta property=\"og:site_name\" content=\"Inversi\u00f3n Renta Vitalicia\" \/>\n<meta property=\"article:modified_time\" content=\"2026-03-31T11:28:09+00:00\" \/>\n<meta property=\"og:image\" content=\"https:\/\/www.gruporetiro.com\/inversor\/wp-content\/uploads\/2026\/03\/PXL_20260216_172439958-SALON-1-1.jpg\" \/>\n\t<meta property=\"og:image:width\" content=\"796\" \/>\n\t<meta property=\"og:image:height\" content=\"600\" \/>\n\t<meta property=\"og:image:type\" content=\"image\/jpeg\" \/>\n<meta name=\"twitter:card\" content=\"summary_large_image\" \/>\n<meta name=\"twitter:label1\" content=\"Tiempo de lectura\" \/>\n\t<meta name=\"twitter:data1\" content=\"1 minuto\" \/>\n<script type=\"application\/ld+json\" class=\"yoast-schema-graph\">{\"@context\":\"https:\/\/schema.org\",\"@graph\":[{\"@type\":\"WebPage\",\"@id\":\"https:\/\/www.gruporetiro.com\/inversor\/propiedad\/renta-vitalicia-en-cl-alfredo-marquerie-madrid-2\/\",\"url\":\"https:\/\/www.gruporetiro.com\/inversor\/propiedad\/renta-vitalicia-en-cl-alfredo-marquerie-madrid-2\/\",\"name\":\"Renta Vitalicia en Cl Centeno (Madrid) - Inversi\u00f3n Renta Vitalicia\",\"isPartOf\":{\"@id\":\"https:\/\/www.gruporetiro.com\/inversor\/#website\"},\"primaryImageOfPage\":{\"@id\":\"https:\/\/www.gruporetiro.com\/inversor\/propiedad\/renta-vitalicia-en-cl-alfredo-marquerie-madrid-2\/#primaryimage\"},\"image\":{\"@id\":\"https:\/\/www.gruporetiro.com\/inversor\/propiedad\/renta-vitalicia-en-cl-alfredo-marquerie-madrid-2\/#primaryimage\"},\"thumbnailUrl\":\"https:\/\/www.gruporetiro.com\/inversor\/wp-content\/uploads\/2026\/03\/PXL_20260216_172439958-SALON-1-1.jpg\",\"datePublished\":\"2026-03-11T13:36:57+00:00\",\"dateModified\":\"2026-03-31T11:28:09+00:00\",\"breadcrumb\":{\"@id\":\"https:\/\/www.gruporetiro.com\/inversor\/propiedad\/renta-vitalicia-en-cl-alfredo-marquerie-madrid-2\/#breadcrumb\"},\"inLanguage\":\"es\",\"potentialAction\":[{\"@type\":\"ReadAction\",\"target\":[\"https:\/\/www.gruporetiro.com\/inversor\/propiedad\/renta-vitalicia-en-cl-alfredo-marquerie-madrid-2\/\"]}]},{\"@type\":\"ImageObject\",\"inLanguage\":\"es\",\"@id\":\"https:\/\/www.gruporetiro.com\/inversor\/propiedad\/renta-vitalicia-en-cl-alfredo-marquerie-madrid-2\/#primaryimage\",\"url\":\"https:\/\/www.gruporetiro.com\/inversor\/wp-content\/uploads\/2026\/03\/PXL_20260216_172439958-SALON-1-1.jpg\",\"contentUrl\":\"https:\/\/www.gruporetiro.com\/inversor\/wp-content\/uploads\/2026\/03\/PXL_20260216_172439958-SALON-1-1.jpg\",\"width\":796,\"height\":600},{\"@type\":\"BreadcrumbList\",\"@id\":\"https:\/\/www.gruporetiro.com\/inversor\/propiedad\/renta-vitalicia-en-cl-alfredo-marquerie-madrid-2\/#breadcrumb\",\"itemListElement\":[{\"@type\":\"ListItem\",\"position\":1,\"name\":\"Portada\",\"item\":\"https:\/\/www.gruporetiro.com\/inversor\/\"},{\"@type\":\"ListItem\",\"position\":2,\"name\":\"Propiedades\",\"item\":\"https:\/\/www.gruporetiro.com\/inversor\/propiedad\/\"},{\"@type\":\"ListItem\",\"position\":3,\"name\":\"Renta Vitalicia en Cl Centeno (Madrid)\"}]},{\"@type\":\"WebSite\",\"@id\":\"https:\/\/www.gruporetiro.com\/inversor\/#website\",\"url\":\"https:\/\/www.gruporetiro.com\/inversor\/\",\"name\":\"Inversi\u00f3n Renta Vitalicia\",\"description\":\"\",\"potentialAction\":[{\"@type\":\"SearchAction\",\"target\":{\"@type\":\"EntryPoint\",\"urlTemplate\":\"https:\/\/www.gruporetiro.com\/inversor\/?s={search_term_string}\"},\"query-input\":{\"@type\":\"PropertyValueSpecification\",\"valueRequired\":true,\"valueName\":\"search_term_string\"}}],\"inLanguage\":\"es\"}]}<\/script>\n<!-- \/ Yoast SEO plugin. -->","yoast_head_json":{"title":"Renta Vitalicia en Cl Centeno (Madrid) - Inversi\u00f3n Renta Vitalicia","robots":{"index":"index","follow":"follow","max-snippet":"max-snippet:-1","max-image-preview":"max-image-preview:large","max-video-preview":"max-video-preview:-1"},"canonical":"https:\/\/www.gruporetiro.com\/inversor\/propiedad\/renta-vitalicia-en-cl-alfredo-marquerie-madrid-2\/","og_locale":"es_ES","og_type":"article","og_title":"Renta Vitalicia en Cl Centeno (Madrid) - Inversi\u00f3n Renta Vitalicia","og_description":"Hombre de 68 a\u00f1os, vende la nuda propiedad de su vivienda de 59 m2 en Cl Centeno (Madrid), que est\u00e1 valorada en 200.000 \u20ac.\u00a0 El vendedor se reserva el usufructo vitalicio del inmueble Se transmite a cambio de una renta vitalicia de 600 \u20ac\/mes DATOS DEL INMUEBLE DESCRIPCI\u00d3N: VIVIENDA EXTERIOR a zona ajardinada, en buen [&hellip;]","og_url":"https:\/\/www.gruporetiro.com\/inversor\/propiedad\/renta-vitalicia-en-cl-alfredo-marquerie-madrid-2\/","og_site_name":"Inversi\u00f3n Renta Vitalicia","article_modified_time":"2026-03-31T11:28:09+00:00","og_image":[{"width":796,"height":600,"url":"https:\/\/www.gruporetiro.com\/inversor\/wp-content\/uploads\/2026\/03\/PXL_20260216_172439958-SALON-1-1.jpg","type":"image\/jpeg"}],"twitter_card":"summary_large_image","twitter_misc":{"Tiempo de lectura":"1 minuto"},"schema":{"@context":"https:\/\/schema.org","@graph":[{"@type":"WebPage","@id":"https:\/\/www.gruporetiro.com\/inversor\/propiedad\/renta-vitalicia-en-cl-alfredo-marquerie-madrid-2\/","url":"https:\/\/www.gruporetiro.com\/inversor\/propiedad\/renta-vitalicia-en-cl-alfredo-marquerie-madrid-2\/","name":"Renta Vitalicia en Cl Centeno (Madrid) - Inversi\u00f3n Renta Vitalicia","isPartOf":{"@id":"https:\/\/www.gruporetiro.com\/inversor\/#website"},"primaryImageOfPage":{"@id":"https:\/\/www.gruporetiro.com\/inversor\/propiedad\/renta-vitalicia-en-cl-alfredo-marquerie-madrid-2\/#primaryimage"},"image":{"@id":"https:\/\/www.gruporetiro.com\/inversor\/propiedad\/renta-vitalicia-en-cl-alfredo-marquerie-madrid-2\/#primaryimage"},"thumbnailUrl":"https:\/\/www.gruporetiro.com\/inversor\/wp-content\/uploads\/2026\/03\/PXL_20260216_172439958-SALON-1-1.jpg","datePublished":"2026-03-11T13:36:57+00:00","dateModified":"2026-03-31T11:28:09+00:00","breadcrumb":{"@id":"https:\/\/www.gruporetiro.com\/inversor\/propiedad\/renta-vitalicia-en-cl-alfredo-marquerie-madrid-2\/#breadcrumb"},"inLanguage":"es","potentialAction":[{"@type":"ReadAction","target":["https:\/\/www.gruporetiro.com\/inversor\/propiedad\/renta-vitalicia-en-cl-alfredo-marquerie-madrid-2\/"]}]},{"@type":"ImageObject","inLanguage":"es","@id":"https:\/\/www.gruporetiro.com\/inversor\/propiedad\/renta-vitalicia-en-cl-alfredo-marquerie-madrid-2\/#primaryimage","url":"https:\/\/www.gruporetiro.com\/inversor\/wp-content\/uploads\/2026\/03\/PXL_20260216_172439958-SALON-1-1.jpg","contentUrl":"https:\/\/www.gruporetiro.com\/inversor\/wp-content\/uploads\/2026\/03\/PXL_20260216_172439958-SALON-1-1.jpg","width":796,"height":600},{"@type":"BreadcrumbList","@id":"https:\/\/www.gruporetiro.com\/inversor\/propiedad\/renta-vitalicia-en-cl-alfredo-marquerie-madrid-2\/#breadcrumb","itemListElement":[{"@type":"ListItem","position":1,"name":"Portada","item":"https:\/\/www.gruporetiro.com\/inversor\/"},{"@type":"ListItem","position":2,"name":"Propiedades","item":"https:\/\/www.gruporetiro.com\/inversor\/propiedad\/"},{"@type":"ListItem","position":3,"name":"Renta Vitalicia en Cl Centeno (Madrid)"}]},{"@type":"WebSite","@id":"https:\/\/www.gruporetiro.com\/inversor\/#website","url":"https:\/\/www.gruporetiro.com\/inversor\/","name":"Inversi\u00f3n Renta Vitalicia","description":"","potentialAction":[{"@type":"SearchAction","target":{"@type":"EntryPoint","urlTemplate":"https:\/\/www.gruporetiro.com\/inversor\/?s={search_term_string}"},"query-input":{"@type":"PropertyValueSpecification","valueRequired":true,"valueName":"search_term_string"}}],"inLanguage":"es"}]}},"_links":{"self":[{"href":"https:\/\/www.gruporetiro.com\/inversor\/wp-json\/wp\/v2\/Propiedades\/21185","targetHints":{"allow":["GET"]}}],"collection":[{"href":"https:\/\/www.gruporetiro.com\/inversor\/wp-json\/wp\/v2\/Propiedades"}],"about":[{"href":"https:\/\/www.gruporetiro.com\/inversor\/wp-json\/wp\/v2\/types\/property"}],"author":[{"embeddable":true,"href":"https:\/\/www.gruporetiro.com\/inversor\/wp-json\/wp\/v2\/users\/2"}],"version-history":[{"count":4,"href":"https:\/\/www.gruporetiro.com\/inversor\/wp-json\/wp\/v2\/Propiedades\/21185\/revisions"}],"predecessor-version":[{"id":21348,"href":"https:\/\/www.gruporetiro.com\/inversor\/wp-json\/wp\/v2\/Propiedades\/21185\/revisions\/21348"}],"wp:featuredmedia":[{"embeddable":true,"href":"https:\/\/www.gruporetiro.com\/inversor\/wp-json\/wp\/v2\/media\/21199"}],"wp:attachment":[{"href":"https:\/\/www.gruporetiro.com\/inversor\/wp-json\/wp\/v2\/media?parent=21185"}],"wp:term":[{"taxonomy":"property_type","embeddable":true,"href":"https:\/\/www.gruporetiro.com\/inversor\/wp-json\/wp\/v2\/property_type?post=21185"},{"taxonomy":"property_status","embeddable":true,"href":"https:\/\/www.gruporetiro.com\/inversor\/wp-json\/wp\/v2\/property_status?post=21185"},{"taxonomy":"property_feature","embeddable":true,"href":"https:\/\/www.gruporetiro.com\/inversor\/wp-json\/wp\/v2\/property_feature?post=21185"},{"taxonomy":"property_label","embeddable":true,"href":"https:\/\/www.gruporetiro.com\/inversor\/wp-json\/wp\/v2\/property_label?post=21185"},{"taxonomy":"property_country","embeddable":true,"href":"https:\/\/www.gruporetiro.com\/inversor\/wp-json\/wp\/v2\/property_country?post=21185"},{"taxonomy":"property_state","embeddable":true,"href":"https:\/\/www.gruporetiro.com\/inversor\/wp-json\/wp\/v2\/property_state?post=21185"},{"taxonomy":"property_city","embeddable":true,"href":"https:\/\/www.gruporetiro.com\/inversor\/wp-json\/wp\/v2\/property_city?post=21185"},{"taxonomy":"property_area","embeddable":true,"href":"https:\/\/www.gruporetiro.com\/inversor\/wp-json\/wp\/v2\/property_area?post=21185"}],"curies":[{"name":"wp","href":"https:\/\/api.w.org\/{rel}","templated":true}]}}