{"id":21221,"date":"2026-03-11T16:51:01","date_gmt":"2026-03-11T15:51:01","guid":{"rendered":"https:\/\/gruporetiro.com\/inversor\/?post_type=property&#038;p=21221"},"modified":"2026-04-17T11:38:18","modified_gmt":"2026-04-17T09:38:18","slug":"renta-vitalicia-con-anticipo-en-cl-luis-vives-benalmadena-malaga","status":"publish","type":"property","link":"https:\/\/www.gruporetiro.com\/inversor\/propiedad\/renta-vitalicia-con-anticipo-en-cl-luis-vives-benalmadena-malaga\/","title":{"rendered":"Renta Vitalicia con Anticipo en Cl Luis Vives (Benalm\u00e1dena &#8211; M\u00e1laga)"},"content":{"rendered":"<p>Hombre de 68 a\u00f1os, vende la nuda propiedad de su vivienda de 49 m<sup>2<\/sup> en Cl Luis Vives (Benalm\u00e1dena &#8211; M\u00e1laga), que est\u00e1 valorada en 220.000 \u20ac.\u00a0 El vendedor se reserva el usufructo vitalicio del inmueble<\/p>\n<p>Se transmite a cambio de un anticipo de capital de 30.000\u20ac y una renta vitalicia de 440 \u20ac\/mes<\/p>\n<p><strong><span style=\"color: #1ea699;\">DATOS DEL INMUEBLE<\/span><\/strong><\/p>\n<ul>\n<li><strong>DESCRIPCI\u00d3N:<\/strong> APARTAMENTO EXTERIOR, en \u00faltimo piso y con excelentes vistas a mar y monta\u00f1a, en buen estado de conservaci\u00f3n, que consta de sal\u00f3n &#8211; comedor, dormitorio, cocina y ba\u00f1o. Tiene el uso de un parking comunitario privado.\u00a0 Piso con licencia tur\u00edstica.<\/li>\n<li><strong>SUPERFICIE:<\/strong> 49 m2 (vivienda 47 m2 y 2 m2 elementos comunes)<\/li>\n<\/ul>\n<p><strong><span style=\"color: #1ea699;\">OTROS DATOS<\/span><\/strong><\/p>\n<p style=\"padding-left: 40px;\">\u2022\u00a0Aire acondicionado. Piscina comunitaria y jardines<br \/>\n\u2022\u00a0VPO:\u00a0NO. Vivienda libre.<br \/>\n\u2022\u00a0Condiciones de accesibilidad: Ascensor: S\u00cd (4). Sin barreras arquitect\u00f3nicas.<br \/>\n\u2022\u00a0Pendiente de informaci\u00f3n de ITE.<\/p>\n","protected":false},"excerpt":{"rendered":"<p>Hombre de 68 a\u00f1os, vende la nuda propiedad de su vivienda de 49 m2 en Cl Luis Vives (Benalm\u00e1dena &#8211; M\u00e1laga), que est\u00e1 valorada en 220.000 \u20ac.\u00a0 El vendedor se reserva el usufructo vitalicio del inmueble Se transmite a cambio de un anticipo de capital de 30.000\u20ac y una renta vitalicia de 440 \u20ac\/mes DATOS [&hellip;]<\/p>\n","protected":false},"author":2,"featured_media":21222,"parent":0,"menu_order":0,"template":"","property_type":[221],"property_status":[185],"property_feature":[37,63,187],"property_label":[49],"property_country":[65],"property_state":[209],"property_city":[231,171],"property_area":[],"class_list":["post-21221","property","type-property","status-publish","has-post-thumbnail","hentry","property_type-renta-vitalicia-con-anticipo","property_status-reservado","property_feature-jardin","property_feature-piscina","property_feature-terraza","property_label-reservado","property_country-espana","property_state-reservado","property_city-benalmadena","property_city-malaga"],"acf":[],"property_meta":{"_edit_lock":["1776418709:2"],"_edit_last":["2"],"_thumbnail_id":["21222"],"fave_property_price":["440 \u20ac"],"fave_show_price_placeholder":["0"],"fave_property_price_prefix":["Anticipo de 30.000\u20ac y Renta Vitalicia de"],"fave_property_price_postfix":["mes"],"fave_property_size":["49"],"fave_property_size_prefix":["m\u00b2"],"fave_property_bedrooms":["1"],"fave_property_bathrooms":["1"],"fave_property_year":["1973"],"fave_property_id":["4079"],"fave_valor-de-mercado":["220.000 \u20ac"],"fave_valor-de-vivienda":["Anticipo de 30.000\u20ac y Renta Vitalicia de 440\u20ac\/mes"],"fave_edad":["68"],"fave_vpo":["NO"],"fave_ite":["Pendiente de informaci\u00f3n de ITE."],"fave_superficie-catastral":["49"],"fave_descripcion-tarjeta":["Excelentes vistas a mar y monta\u00f1a en Benalm\u00e1dena"],"fave_property_map":["1"],"fave_property_location":["36.599414,-4.5267581,15"],"houzez_geolocation_lat":["36.599414"],"houzez_geolocation_long":["-4.5267581"],"fave_property_map_street_view":["hide"],"fave_featured":["0"],"houzez_featured_listing_date":[""],"fave_loggedintoview":["0"],"fave_agent_display_option":["author_info"],"fave_prop_homeslider":["no"],"fave_single_top_area":["global"],"fave_single_content_area":["global"],"otros_datos":["<h5><strong><span style=\"color: #1ea69a;\">CONDICIONES DE COMPRA<\/span><\/strong><\/h5>\r\n<p style=\"padding-left: 40px;\">La Persona Mayor transmite la nuda propiedad de la vivienda a cambio de un anticipo de capital m\u00e1s una renta vitalicia mensual y constante, reserv\u00e1ndose el usufructo de la misma hasta su fallecimiento o hasta su renuncia al mismo (en cuyo caso el importe de la renta mensual se incrementar\u00eda en un 60%), momento en el cual el comprador pasar\u00e1 a ser pleno propietario del inmueble.<\/p>\r\n<p style=\"padding-left: 40px;\"><strong>Se garantizar\u00e1 en Escritura el pago de las 84 primeras mensualidades<\/strong>, abon\u00e1ndose a los herederos la diferencia en caso de fallecimiento del Rentista antes de que transcurran los 7 primeros a\u00f1os desde la firma de la Escritura.<\/p>\r\n<p style=\"padding-left: 40px;\"><strong>El usufructuario ha solicitado reservarse en la Escritura el derecho a poder arrendar la vivienda.<\/strong><\/p>\r\n\r\n<h5><strong><span style=\"color: #1ea69a;\">GASTOS DEL INMUEBLE<\/span><\/strong><\/h5>\r\n<p style=\"padding-left: 40px;\">Ser\u00e1n a cargo del comprador los recibos del IBI, las cuotas extraordinarias de Comunidad y el seguro del continente de la vivienda.\r\nEl resto de gastos, es decir, las cuotas ordinarias de comunidad, la Tasa municipal de Residuos Urbanos (si llegara a existir), seguro de contenido con responsabilidad civil y los recibos de los suministros ser\u00e1n a cargo del usufructuario.<\/p>\r\n\r\n<ul>\r\n \t<li style=\"list-style-type: none;\">\r\n<ul>\r\n \t<li style=\"list-style-type: none;\"><\/li>\r\n<\/ul>\r\n<\/li>\r\n<\/ul>\r\n<strong>Los Honorarios Profesionales de Mediaci\u00f3n de GRUPO RETIRO y los gastos asociados a esta operaci\u00f3n no est\u00e1n incluidos en el precio.<\/strong>"],"_otros_datos":["field_697c0f0ac1b24"],"houzez_manual_expire":["0"],"_houzez_expiration_date_status":["saved"],"fave_payment_status":["not_paid"],"_yoast_wpseo_primary_property_type":["221"],"_yoast_wpseo_primary_property_status":["185"],"_yoast_wpseo_primary_property_feature":["187"],"_yoast_wpseo_primary_property_label":["49"],"_yoast_wpseo_primary_property_country":["65"],"_yoast_wpseo_primary_property_state":["209"],"_yoast_wpseo_primary_property_city":["171"],"_yoast_wpseo_primary_property_area":[""],"_yoast_wpseo_content_score":["90"],"_yoast_wpseo_estimated-reading-time-minutes":["1"],"houzez_total_property_views":["433"],"houzez_views_by_date":["a:55:{s:10:\"03-06-2026\";i:15;s:10:\"03-07-2026\";i:10;s:10:\"03-08-2026\";i:2;s:10:\"03-09-2026\";i:36;s:10:\"03-10-2026\";i:9;s:10:\"03-11-2026\";i:15;s:10:\"03-12-2026\";i:11;s:10:\"03-13-2026\";i:7;s:10:\"03-14-2026\";i:11;s:10:\"03-15-2026\";i:13;s:10:\"03-16-2026\";i:8;s:10:\"03-17-2026\";i:4;s:10:\"03-18-2026\";i:3;s:10:\"03-19-2026\";i:6;s:10:\"03-20-2026\";i:5;s:10:\"03-21-2026\";i:2;s:10:\"03-22-2026\";i:15;s:10:\"03-23-2026\";i:8;s:10:\"03-24-2026\";i:6;s:10:\"03-25-2026\";i:11;s:10:\"03-26-2026\";i:13;s:10:\"03-27-2026\";i:8;s:10:\"03-28-2026\";i:4;s:10:\"03-29-2026\";i:10;s:10:\"03-30-2026\";i:3;s:10:\"03-31-2026\";i:13;s:10:\"04-01-2026\";i:5;s:10:\"04-02-2026\";i:3;s:10:\"04-03-2026\";i:10;s:10:\"04-04-2026\";i:8;s:10:\"04-05-2026\";i:5;s:10:\"04-06-2026\";i:13;s:10:\"04-07-2026\";i:4;s:10:\"04-08-2026\";i:13;s:10:\"04-09-2026\";i:14;s:10:\"04-10-2026\";i:7;s:10:\"04-11-2026\";i:4;s:10:\"04-12-2026\";i:10;s:10:\"04-13-2026\";i:8;s:10:\"04-14-2026\";i:2;s:10:\"04-15-2026\";i:8;s:10:\"04-16-2026\";i:6;s:10:\"04-17-2026\";i:3;s:10:\"04-18-2026\";i:7;s:10:\"04-19-2026\";i:4;s:10:\"04-20-2026\";i:2;s:10:\"04-21-2026\";i:15;s:10:\"04-22-2026\";i:4;s:10:\"04-23-2026\";i:2;s:10:\"04-24-2026\";i:1;s:10:\"04-25-2026\";i:5;s:10:\"04-26-2026\";i:8;s:10:\"04-27-2026\";i:6;s:10:\"04-28-2026\";i:7;s:10:\"04-29-2026\";i:1;}"],"houzez_recently_viewed":["2026-04-29 04:04:43"],"fave_property_map_address":["Calle Luis Vives, Benalm\u00e1dena, Espa\u00f1a"],"_elementor_page_assets":["a:0:{}"],"fave_property_images":["21222","21223","21224","21225"]},"yoast_head":"<!-- This site is optimized with the Yoast SEO plugin v26.9 - https:\/\/yoast.com\/product\/yoast-seo-wordpress\/ -->\n<title>Renta Vitalicia con Anticipo en Cl Luis Vives (Benalm\u00e1dena - M\u00e1laga) - Inversi\u00f3n Renta Vitalicia<\/title>\n<meta name=\"robots\" content=\"index, follow, max-snippet:-1, max-image-preview:large, max-video-preview:-1\" \/>\n<link rel=\"canonical\" href=\"https:\/\/www.gruporetiro.com\/inversor\/propiedad\/renta-vitalicia-con-anticipo-en-cl-luis-vives-benalmadena-malaga\/\" \/>\n<meta property=\"og:locale\" content=\"es_ES\" \/>\n<meta property=\"og:type\" content=\"article\" \/>\n<meta property=\"og:title\" content=\"Renta Vitalicia con Anticipo en Cl Luis Vives (Benalm\u00e1dena - M\u00e1laga) - Inversi\u00f3n Renta Vitalicia\" \/>\n<meta property=\"og:description\" content=\"Hombre de 68 a\u00f1os, vende la nuda propiedad de su vivienda de 49 m2 en Cl Luis Vives (Benalm\u00e1dena &#8211; M\u00e1laga), que est\u00e1 valorada en 220.000 \u20ac.\u00a0 El vendedor se reserva el usufructo vitalicio del inmueble Se transmite a cambio de un anticipo de capital de 30.000\u20ac y una renta vitalicia de 440 \u20ac\/mes DATOS [&hellip;]\" \/>\n<meta property=\"og:url\" content=\"https:\/\/www.gruporetiro.com\/inversor\/propiedad\/renta-vitalicia-con-anticipo-en-cl-luis-vives-benalmadena-malaga\/\" \/>\n<meta property=\"og:site_name\" content=\"Inversi\u00f3n Renta Vitalicia\" \/>\n<meta property=\"article:modified_time\" content=\"2026-04-17T09:38:18+00:00\" \/>\n<meta property=\"og:image\" content=\"https:\/\/www.gruporetiro.com\/inversor\/wp-content\/uploads\/2026\/03\/WhatsApp-Image-2025-11-28-at-15.52.33-SALON-1-1.jpeg\" \/>\n\t<meta property=\"og:image:width\" content=\"2000\" \/>\n\t<meta property=\"og:image:height\" content=\"900\" \/>\n\t<meta property=\"og:image:type\" content=\"image\/jpeg\" \/>\n<meta name=\"twitter:card\" content=\"summary_large_image\" \/>\n<meta name=\"twitter:label1\" content=\"Tiempo de lectura\" \/>\n\t<meta name=\"twitter:data1\" content=\"1 minuto\" \/>\n<script type=\"application\/ld+json\" class=\"yoast-schema-graph\">{\"@context\":\"https:\/\/schema.org\",\"@graph\":[{\"@type\":\"WebPage\",\"@id\":\"https:\/\/www.gruporetiro.com\/inversor\/propiedad\/renta-vitalicia-con-anticipo-en-cl-luis-vives-benalmadena-malaga\/\",\"url\":\"https:\/\/www.gruporetiro.com\/inversor\/propiedad\/renta-vitalicia-con-anticipo-en-cl-luis-vives-benalmadena-malaga\/\",\"name\":\"Renta Vitalicia con Anticipo en Cl Luis Vives (Benalm\u00e1dena - M\u00e1laga) - Inversi\u00f3n Renta Vitalicia\",\"isPartOf\":{\"@id\":\"https:\/\/www.gruporetiro.com\/inversor\/#website\"},\"primaryImageOfPage\":{\"@id\":\"https:\/\/www.gruporetiro.com\/inversor\/propiedad\/renta-vitalicia-con-anticipo-en-cl-luis-vives-benalmadena-malaga\/#primaryimage\"},\"image\":{\"@id\":\"https:\/\/www.gruporetiro.com\/inversor\/propiedad\/renta-vitalicia-con-anticipo-en-cl-luis-vives-benalmadena-malaga\/#primaryimage\"},\"thumbnailUrl\":\"https:\/\/www.gruporetiro.com\/inversor\/wp-content\/uploads\/2026\/03\/WhatsApp-Image-2025-11-28-at-15.52.33-SALON-1-1.jpeg\",\"datePublished\":\"2026-03-11T15:51:01+00:00\",\"dateModified\":\"2026-04-17T09:38:18+00:00\",\"breadcrumb\":{\"@id\":\"https:\/\/www.gruporetiro.com\/inversor\/propiedad\/renta-vitalicia-con-anticipo-en-cl-luis-vives-benalmadena-malaga\/#breadcrumb\"},\"inLanguage\":\"es\",\"potentialAction\":[{\"@type\":\"ReadAction\",\"target\":[\"https:\/\/www.gruporetiro.com\/inversor\/propiedad\/renta-vitalicia-con-anticipo-en-cl-luis-vives-benalmadena-malaga\/\"]}]},{\"@type\":\"ImageObject\",\"inLanguage\":\"es\",\"@id\":\"https:\/\/www.gruporetiro.com\/inversor\/propiedad\/renta-vitalicia-con-anticipo-en-cl-luis-vives-benalmadena-malaga\/#primaryimage\",\"url\":\"https:\/\/www.gruporetiro.com\/inversor\/wp-content\/uploads\/2026\/03\/WhatsApp-Image-2025-11-28-at-15.52.33-SALON-1-1.jpeg\",\"contentUrl\":\"https:\/\/www.gruporetiro.com\/inversor\/wp-content\/uploads\/2026\/03\/WhatsApp-Image-2025-11-28-at-15.52.33-SALON-1-1.jpeg\",\"width\":2000,\"height\":900},{\"@type\":\"BreadcrumbList\",\"@id\":\"https:\/\/www.gruporetiro.com\/inversor\/propiedad\/renta-vitalicia-con-anticipo-en-cl-luis-vives-benalmadena-malaga\/#breadcrumb\",\"itemListElement\":[{\"@type\":\"ListItem\",\"position\":1,\"name\":\"Portada\",\"item\":\"https:\/\/www.gruporetiro.com\/inversor\/\"},{\"@type\":\"ListItem\",\"position\":2,\"name\":\"Propiedades\",\"item\":\"https:\/\/www.gruporetiro.com\/inversor\/propiedad\/\"},{\"@type\":\"ListItem\",\"position\":3,\"name\":\"Renta Vitalicia con Anticipo en Cl Luis Vives (Benalm\u00e1dena &#8211; M\u00e1laga)\"}]},{\"@type\":\"WebSite\",\"@id\":\"https:\/\/www.gruporetiro.com\/inversor\/#website\",\"url\":\"https:\/\/www.gruporetiro.com\/inversor\/\",\"name\":\"Inversi\u00f3n Renta Vitalicia\",\"description\":\"\",\"potentialAction\":[{\"@type\":\"SearchAction\",\"target\":{\"@type\":\"EntryPoint\",\"urlTemplate\":\"https:\/\/www.gruporetiro.com\/inversor\/?s={search_term_string}\"},\"query-input\":{\"@type\":\"PropertyValueSpecification\",\"valueRequired\":true,\"valueName\":\"search_term_string\"}}],\"inLanguage\":\"es\"}]}<\/script>\n<!-- \/ Yoast SEO plugin. -->","yoast_head_json":{"title":"Renta Vitalicia con Anticipo en Cl Luis Vives (Benalm\u00e1dena - M\u00e1laga) - Inversi\u00f3n Renta Vitalicia","robots":{"index":"index","follow":"follow","max-snippet":"max-snippet:-1","max-image-preview":"max-image-preview:large","max-video-preview":"max-video-preview:-1"},"canonical":"https:\/\/www.gruporetiro.com\/inversor\/propiedad\/renta-vitalicia-con-anticipo-en-cl-luis-vives-benalmadena-malaga\/","og_locale":"es_ES","og_type":"article","og_title":"Renta Vitalicia con Anticipo en Cl Luis Vives (Benalm\u00e1dena - M\u00e1laga) - Inversi\u00f3n Renta Vitalicia","og_description":"Hombre de 68 a\u00f1os, vende la nuda propiedad de su vivienda de 49 m2 en Cl Luis Vives (Benalm\u00e1dena &#8211; M\u00e1laga), que est\u00e1 valorada en 220.000 \u20ac.\u00a0 El vendedor se reserva el usufructo vitalicio del inmueble Se transmite a cambio de un anticipo de capital de 30.000\u20ac y una renta vitalicia de 440 \u20ac\/mes DATOS [&hellip;]","og_url":"https:\/\/www.gruporetiro.com\/inversor\/propiedad\/renta-vitalicia-con-anticipo-en-cl-luis-vives-benalmadena-malaga\/","og_site_name":"Inversi\u00f3n Renta Vitalicia","article_modified_time":"2026-04-17T09:38:18+00:00","og_image":[{"width":2000,"height":900,"url":"https:\/\/www.gruporetiro.com\/inversor\/wp-content\/uploads\/2026\/03\/WhatsApp-Image-2025-11-28-at-15.52.33-SALON-1-1.jpeg","type":"image\/jpeg"}],"twitter_card":"summary_large_image","twitter_misc":{"Tiempo de lectura":"1 minuto"},"schema":{"@context":"https:\/\/schema.org","@graph":[{"@type":"WebPage","@id":"https:\/\/www.gruporetiro.com\/inversor\/propiedad\/renta-vitalicia-con-anticipo-en-cl-luis-vives-benalmadena-malaga\/","url":"https:\/\/www.gruporetiro.com\/inversor\/propiedad\/renta-vitalicia-con-anticipo-en-cl-luis-vives-benalmadena-malaga\/","name":"Renta Vitalicia con Anticipo en Cl Luis Vives (Benalm\u00e1dena - M\u00e1laga) - Inversi\u00f3n Renta Vitalicia","isPartOf":{"@id":"https:\/\/www.gruporetiro.com\/inversor\/#website"},"primaryImageOfPage":{"@id":"https:\/\/www.gruporetiro.com\/inversor\/propiedad\/renta-vitalicia-con-anticipo-en-cl-luis-vives-benalmadena-malaga\/#primaryimage"},"image":{"@id":"https:\/\/www.gruporetiro.com\/inversor\/propiedad\/renta-vitalicia-con-anticipo-en-cl-luis-vives-benalmadena-malaga\/#primaryimage"},"thumbnailUrl":"https:\/\/www.gruporetiro.com\/inversor\/wp-content\/uploads\/2026\/03\/WhatsApp-Image-2025-11-28-at-15.52.33-SALON-1-1.jpeg","datePublished":"2026-03-11T15:51:01+00:00","dateModified":"2026-04-17T09:38:18+00:00","breadcrumb":{"@id":"https:\/\/www.gruporetiro.com\/inversor\/propiedad\/renta-vitalicia-con-anticipo-en-cl-luis-vives-benalmadena-malaga\/#breadcrumb"},"inLanguage":"es","potentialAction":[{"@type":"ReadAction","target":["https:\/\/www.gruporetiro.com\/inversor\/propiedad\/renta-vitalicia-con-anticipo-en-cl-luis-vives-benalmadena-malaga\/"]}]},{"@type":"ImageObject","inLanguage":"es","@id":"https:\/\/www.gruporetiro.com\/inversor\/propiedad\/renta-vitalicia-con-anticipo-en-cl-luis-vives-benalmadena-malaga\/#primaryimage","url":"https:\/\/www.gruporetiro.com\/inversor\/wp-content\/uploads\/2026\/03\/WhatsApp-Image-2025-11-28-at-15.52.33-SALON-1-1.jpeg","contentUrl":"https:\/\/www.gruporetiro.com\/inversor\/wp-content\/uploads\/2026\/03\/WhatsApp-Image-2025-11-28-at-15.52.33-SALON-1-1.jpeg","width":2000,"height":900},{"@type":"BreadcrumbList","@id":"https:\/\/www.gruporetiro.com\/inversor\/propiedad\/renta-vitalicia-con-anticipo-en-cl-luis-vives-benalmadena-malaga\/#breadcrumb","itemListElement":[{"@type":"ListItem","position":1,"name":"Portada","item":"https:\/\/www.gruporetiro.com\/inversor\/"},{"@type":"ListItem","position":2,"name":"Propiedades","item":"https:\/\/www.gruporetiro.com\/inversor\/propiedad\/"},{"@type":"ListItem","position":3,"name":"Renta Vitalicia con Anticipo en Cl Luis Vives (Benalm\u00e1dena &#8211; M\u00e1laga)"}]},{"@type":"WebSite","@id":"https:\/\/www.gruporetiro.com\/inversor\/#website","url":"https:\/\/www.gruporetiro.com\/inversor\/","name":"Inversi\u00f3n Renta Vitalicia","description":"","potentialAction":[{"@type":"SearchAction","target":{"@type":"EntryPoint","urlTemplate":"https:\/\/www.gruporetiro.com\/inversor\/?s={search_term_string}"},"query-input":{"@type":"PropertyValueSpecification","valueRequired":true,"valueName":"search_term_string"}}],"inLanguage":"es"}]}},"_links":{"self":[{"href":"https:\/\/www.gruporetiro.com\/inversor\/wp-json\/wp\/v2\/Propiedades\/21221","targetHints":{"allow":["GET"]}}],"collection":[{"href":"https:\/\/www.gruporetiro.com\/inversor\/wp-json\/wp\/v2\/Propiedades"}],"about":[{"href":"https:\/\/www.gruporetiro.com\/inversor\/wp-json\/wp\/v2\/types\/property"}],"author":[{"embeddable":true,"href":"https:\/\/www.gruporetiro.com\/inversor\/wp-json\/wp\/v2\/users\/2"}],"version-history":[{"count":3,"href":"https:\/\/www.gruporetiro.com\/inversor\/wp-json\/wp\/v2\/Propiedades\/21221\/revisions"}],"predecessor-version":[{"id":21344,"href":"https:\/\/www.gruporetiro.com\/inversor\/wp-json\/wp\/v2\/Propiedades\/21221\/revisions\/21344"}],"wp:featuredmedia":[{"embeddable":true,"href":"https:\/\/www.gruporetiro.com\/inversor\/wp-json\/wp\/v2\/media\/21222"}],"wp:attachment":[{"href":"https:\/\/www.gruporetiro.com\/inversor\/wp-json\/wp\/v2\/media?parent=21221"}],"wp:term":[{"taxonomy":"property_type","embeddable":true,"href":"https:\/\/www.gruporetiro.com\/inversor\/wp-json\/wp\/v2\/property_type?post=21221"},{"taxonomy":"property_status","embeddable":true,"href":"https:\/\/www.gruporetiro.com\/inversor\/wp-json\/wp\/v2\/property_status?post=21221"},{"taxonomy":"property_feature","embeddable":true,"href":"https:\/\/www.gruporetiro.com\/inversor\/wp-json\/wp\/v2\/property_feature?post=21221"},{"taxonomy":"property_label","embeddable":true,"href":"https:\/\/www.gruporetiro.com\/inversor\/wp-json\/wp\/v2\/property_label?post=21221"},{"taxonomy":"property_country","embeddable":true,"href":"https:\/\/www.gruporetiro.com\/inversor\/wp-json\/wp\/v2\/property_country?post=21221"},{"taxonomy":"property_state","embeddable":true,"href":"https:\/\/www.gruporetiro.com\/inversor\/wp-json\/wp\/v2\/property_state?post=21221"},{"taxonomy":"property_city","embeddable":true,"href":"https:\/\/www.gruporetiro.com\/inversor\/wp-json\/wp\/v2\/property_city?post=21221"},{"taxonomy":"property_area","embeddable":true,"href":"https:\/\/www.gruporetiro.com\/inversor\/wp-json\/wp\/v2\/property_area?post=21221"}],"curies":[{"name":"wp","href":"https:\/\/api.w.org\/{rel}","templated":true}]}}