{"id":21566,"date":"2026-03-27T13:27:12","date_gmt":"2026-03-27T12:27:12","guid":{"rendered":"https:\/\/www.gruporetiro.com\/inversor\/?post_type=property&#038;p=21566"},"modified":"2026-03-27T13:45:53","modified_gmt":"2026-03-27T12:45:53","slug":"venta-de-nuda-propiedad-en-cl-antonio-sedeno-cantos-fuengirola-malaga","status":"publish","type":"property","link":"https:\/\/www.gruporetiro.com\/inversor\/propiedad\/venta-de-nuda-propiedad-en-cl-antonio-sedeno-cantos-fuengirola-malaga\/","title":{"rendered":"Venta de Nuda Propiedad en Cl Antonio Sede\u00f1o Cantos (Fuengirola &#8211; M\u00e1laga)"},"content":{"rendered":"<p>Mujer de 70 a\u00f1os, vende la Nuda Propiedad de su vivienda de 67 m<sup>2 <\/sup>,\u00a0 \u00a0en la Cl Antonio Sede\u00f1o Cantos (Fuengirola &#8211; M\u00e1laga), que est\u00e1 valorada en 335.000. La vendedora se reserva el usufructo vitalicio de la vivienda.<\/p>\n<p>Se transmite a cambio de un pago \u00fanico de capital de 166.800\u20ac<\/p>\n<p><strong><span style=\"color: #1ea69a;\">DATOS DEL INMUEBLE<\/span><\/strong><\/p>\n<ul>\n<li><strong>DESCRIPCI\u00d3N:<\/strong> APARTAMENTO EXTERIOR en \u00faltima planta, a escasos minutos de la playa y el puerto deportivo de Fuengirola, con vistas al mar, en en excelente estado de conservaci\u00f3n, con altas calidades, que consta de sal\u00f3n &#8211; comedor abierto a la cocina, dormitorio y ba\u00f1o.<\/li>\n<li><strong>SUPERFICIE:<\/strong> EN CATASTRO: 67 m2 (vivienda 66 m2 y 1 m2 elementos comunes)<\/li>\n<\/ul>\n<p><strong><span style=\"color: #1ea69a;\">OTROS DATOS<\/span><\/strong><\/p>\n<p style=\"padding-left: 40px;\">\u2022\u00a0Aire acondicionado por conductos<br \/>\n\u2022\u00a0VPO:\u00a0NO. Vivienda libre.<br \/>\n\u2022\u00a0Condiciones de accesibilidad: Ascensor: S\u00cd (1). Libre de barreras arquitect\u00f3nicas.<br \/>\n\u2022 Primera ITE en 2068<\/p>\n<ul>\n<li style=\"list-style-type: none;\"><\/li>\n<\/ul>\n","protected":false},"excerpt":{"rendered":"<p>Mujer de 70 a\u00f1os, vende la Nuda Propiedad de su vivienda de 67 m2 ,\u00a0 \u00a0en la Cl Antonio Sede\u00f1o Cantos (Fuengirola &#8211; M\u00e1laga), que est\u00e1 valorada en 335.000. La vendedora se reserva el usufructo vitalicio de la vivienda. Se transmite a cambio de un pago \u00fanico de capital de 166.800\u20ac DATOS DEL INMUEBLE DESCRIPCI\u00d3N: [&hellip;]<\/p>\n","protected":false},"author":2,"featured_media":21569,"parent":0,"menu_order":0,"template":"","property_type":[88],"property_status":[],"property_feature":[13],"property_label":[186],"property_country":[65],"property_state":[],"property_city":[240,171],"property_area":[],"class_list":["post-21566","property","type-property","status-publish","has-post-thumbnail","hentry","property_type-nuda-propiedad","property_feature-aire-acondicionado","property_label-destacado","property_country-espana","property_city-fuengirola","property_city-malaga"],"acf":[],"property_meta":{"_wp_page_template":["default"],"fave_property_map_address":["Calle Antonio Sede\u00f1o Cantos, Fuengirola, Espa\u00f1a"],"fave_property_price":["166800 \u20ac"],"fave_property_size":["67"],"fave_property_bedrooms":["1"],"fave_property_bathrooms":["1"],"fave_valor-de-mercado":["335.000 \u20ac"],"fave_valor-de-vivienda":["Pago \u00fanico de 166.800 \u20ac"],"fave_edad":["70"],"fave_vpo":["No. Vivienda libre."],"fave_accesibilidad":["Libre de barreras arquitect\u00f3nicas"],"fave_superficie-catastral":["67 m2"],"fave_descripcion-tarjeta":["Junto a la playa y puerto deportivo"],"houzez_total_property_views":["494"],"houzez_views_by_date":["a:61:{s:10:\"02-26-2026\";i:1;s:10:\"02-27-2026\";i:6;s:10:\"02-28-2026\";i:2;s:10:\"03-01-2026\";i:3;s:10:\"03-03-2026\";i:1;s:10:\"03-04-2026\";i:6;s:10:\"03-05-2026\";i:1;s:10:\"03-06-2026\";i:2;s:10:\"03-07-2026\";i:6;s:10:\"03-08-2026\";i:1;s:10:\"03-09-2026\";i:1;s:10:\"03-10-2026\";i:5;s:10:\"03-11-2026\";i:3;s:10:\"03-13-2026\";i:2;s:10:\"03-14-2026\";i:4;s:10:\"03-15-2026\";i:1;s:10:\"03-16-2026\";i:1;s:10:\"03-17-2026\";i:2;s:10:\"03-18-2026\";i:3;s:10:\"03-19-2026\";i:1;s:10:\"03-20-2026\";i:8;s:10:\"03-21-2026\";i:2;s:10:\"03-22-2026\";i:3;s:10:\"03-23-2026\";i:23;s:10:\"03-24-2026\";i:11;s:10:\"03-25-2026\";i:4;s:10:\"03-27-2026\";i:21;s:10:\"03-28-2026\";i:12;s:10:\"03-29-2026\";i:8;s:10:\"03-30-2026\";i:8;s:10:\"03-31-2026\";i:14;s:10:\"04-01-2026\";i:9;s:10:\"04-02-2026\";i:3;s:10:\"04-03-2026\";i:11;s:10:\"04-04-2026\";i:14;s:10:\"04-05-2026\";i:31;s:10:\"04-06-2026\";i:13;s:10:\"04-07-2026\";i:12;s:10:\"04-08-2026\";i:19;s:10:\"04-09-2026\";i:23;s:10:\"04-10-2026\";i:14;s:10:\"04-11-2026\";i:4;s:10:\"04-12-2026\";i:1;s:10:\"04-13-2026\";i:6;s:10:\"04-14-2026\";i:3;s:10:\"04-15-2026\";i:6;s:10:\"04-16-2026\";i:5;s:10:\"04-17-2026\";i:1;s:10:\"04-18-2026\";i:4;s:10:\"04-19-2026\";i:4;s:10:\"04-20-2026\";i:1;s:10:\"04-21-2026\";i:12;s:10:\"04-22-2026\";i:4;s:10:\"04-23-2026\";i:3;s:10:\"04-24-2026\";i:2;s:10:\"04-25-2026\";i:4;s:10:\"04-26-2026\";i:7;s:10:\"04-27-2026\";i:4;s:10:\"04-28-2026\";i:7;s:10:\"04-29-2026\";i:18;s:10:\"04-30-2026\";i:2;}"],"houzez_recently_viewed":["2026-04-30 11:11:39"],"_edit_lock":["1774799129:1"],"_edit_last":["2"],"fave_show_price_placeholder":["0"],"fave_property_size_prefix":["m\u00b2"],"fave_property_location":["36.540202,-4.6211489,14"],"houzez_geolocation_lat":["36.540202"],"houzez_geolocation_long":["-4.6211489"],"fave_property_map_street_view":["hide"],"fave_agent_display_option":["agent_info"],"fave_single_top_area":["global"],"fave_single_content_area":["global"],"houzez_manual_expire":["0"],"_houzez_expiration_date_status":["saved"],"fave_payment_status":["not_paid"],"fave_ite":["Primera ITE en 2068"],"_thumbnail_id":["21569"],"fave_property_map":["1"],"otros_datos":["<h5><strong><span style=\"color: #1ea69a;\">CONDICIONES DE COMPRA<\/span><\/strong><\/h5>\r\n<p style=\"padding-left: 40px;\">La vendedora se reserva el usufructo vitalicio de la vivienda. Por tanto, al fallecimiento de la usufructuaria, Usted como comprador, pasar\u00e1 a tener la plena disponibilidad de la vivienda, al consolidarse el Uso y Disfrute de la misma con la Nuda Propiedad<\/p>\r\n\r\n<h5><strong><span style=\"color: #1ea69a;\">GASTOS DEL INMUEBLE<\/span><\/strong><\/h5>\r\n<p style=\"padding-left: 40px;\">Ser\u00e1n a cargo del comprador los recibos del IBI, las cuotas extraordinarias de Comunidad y el seguro del continente de la vivienda.\r\nEl resto de gastos, es decir, las cuotas ordinarias de comunidad, la Tasa municipal de Residuos Urbanos (si llegara a existir), seguro de contenido con responsabilidad civil y los recibos de los suministros ser\u00e1n a cargo de la usufructuaria.<\/p>\r\n\r\n<ul>\r\n \t<li style=\"list-style-type: none;\">\r\n<ul>\r\n \t<li style=\"list-style-type: none;\"><\/li>\r\n<\/ul>\r\n<\/li>\r\n<\/ul>\r\n<strong>Los Honorarios Profesionales de Mediaci\u00f3n de GRUPO RETIRO y los gastos asociados a esta operaci\u00f3n no est\u00e1n incluidos en el precio.<\/strong>"],"_otros_datos":["field_697c0f0ac1b24"],"fave_agents":["19757"],"_yoast_wpseo_primary_property_type":[""],"_yoast_wpseo_primary_property_status":[""],"_yoast_wpseo_primary_property_feature":["13"],"_yoast_wpseo_primary_property_label":["186"],"_yoast_wpseo_primary_property_country":[""],"_yoast_wpseo_primary_property_state":[""],"_yoast_wpseo_primary_property_city":["240"],"_yoast_wpseo_primary_property_area":[""],"_yoast_wpseo_content_score":["90"],"_yoast_wpseo_estimated-reading-time-minutes":["1"],"fave_property_id":["15653"],"fave_property_year":["2018"],"fave_property_images":["21569","21574","21570","21571","21568","21572","21573"],"fave_prop_slider_image":["19661"],"_elementor_page_assets":["a:0:{}"]},"yoast_head":"<!-- This site is optimized with the Yoast SEO plugin v26.9 - https:\/\/yoast.com\/product\/yoast-seo-wordpress\/ -->\n<title>Venta de Nuda Propiedad en Cl Antonio Sede\u00f1o Cantos (Fuengirola - M\u00e1laga) - Inversi\u00f3n Renta Vitalicia<\/title>\n<meta name=\"robots\" content=\"index, follow, max-snippet:-1, max-image-preview:large, max-video-preview:-1\" \/>\n<link rel=\"canonical\" href=\"https:\/\/www.gruporetiro.com\/inversor\/propiedad\/venta-de-nuda-propiedad-en-cl-antonio-sedeno-cantos-fuengirola-malaga\/\" \/>\n<meta property=\"og:locale\" content=\"es_ES\" \/>\n<meta property=\"og:type\" content=\"article\" \/>\n<meta property=\"og:title\" content=\"Venta de Nuda Propiedad en Cl Antonio Sede\u00f1o Cantos (Fuengirola - M\u00e1laga) - Inversi\u00f3n Renta Vitalicia\" \/>\n<meta property=\"og:description\" content=\"Mujer de 70 a\u00f1os, vende la Nuda Propiedad de su vivienda de 67 m2 ,\u00a0 \u00a0en la Cl Antonio Sede\u00f1o Cantos (Fuengirola &#8211; M\u00e1laga), que est\u00e1 valorada en 335.000. La vendedora se reserva el usufructo vitalicio de la vivienda. Se transmite a cambio de un pago \u00fanico de capital de 166.800\u20ac DATOS DEL INMUEBLE DESCRIPCI\u00d3N: [&hellip;]\" \/>\n<meta property=\"og:url\" content=\"https:\/\/www.gruporetiro.com\/inversor\/propiedad\/venta-de-nuda-propiedad-en-cl-antonio-sedeno-cantos-fuengirola-malaga\/\" \/>\n<meta property=\"og:site_name\" content=\"Inversi\u00f3n Renta Vitalicia\" \/>\n<meta property=\"article:modified_time\" content=\"2026-03-27T12:45:53+00:00\" \/>\n<meta property=\"og:image\" content=\"https:\/\/www.gruporetiro.com\/inversor\/wp-content\/uploads\/2026\/03\/PHOTO-2025-08-04-18-57-43_1-SALON-1-2-copia.jpg\" \/>\n\t<meta property=\"og:image:width\" content=\"1600\" \/>\n\t<meta property=\"og:image:height\" content=\"1199\" \/>\n\t<meta property=\"og:image:type\" content=\"image\/jpeg\" \/>\n<meta name=\"twitter:card\" content=\"summary_large_image\" \/>\n<meta name=\"twitter:label1\" content=\"Tiempo de lectura\" \/>\n\t<meta name=\"twitter:data1\" content=\"1 minuto\" \/>\n<script type=\"application\/ld+json\" class=\"yoast-schema-graph\">{\"@context\":\"https:\/\/schema.org\",\"@graph\":[{\"@type\":\"WebPage\",\"@id\":\"https:\/\/www.gruporetiro.com\/inversor\/propiedad\/venta-de-nuda-propiedad-en-cl-antonio-sedeno-cantos-fuengirola-malaga\/\",\"url\":\"https:\/\/www.gruporetiro.com\/inversor\/propiedad\/venta-de-nuda-propiedad-en-cl-antonio-sedeno-cantos-fuengirola-malaga\/\",\"name\":\"Venta de Nuda Propiedad en Cl Antonio Sede\u00f1o Cantos (Fuengirola - M\u00e1laga) - Inversi\u00f3n Renta Vitalicia\",\"isPartOf\":{\"@id\":\"https:\/\/www.gruporetiro.com\/inversor\/#website\"},\"primaryImageOfPage\":{\"@id\":\"https:\/\/www.gruporetiro.com\/inversor\/propiedad\/venta-de-nuda-propiedad-en-cl-antonio-sedeno-cantos-fuengirola-malaga\/#primaryimage\"},\"image\":{\"@id\":\"https:\/\/www.gruporetiro.com\/inversor\/propiedad\/venta-de-nuda-propiedad-en-cl-antonio-sedeno-cantos-fuengirola-malaga\/#primaryimage\"},\"thumbnailUrl\":\"https:\/\/www.gruporetiro.com\/inversor\/wp-content\/uploads\/2026\/03\/PHOTO-2025-08-04-18-57-43_1-SALON-1-2-copia.jpg\",\"datePublished\":\"2026-03-27T12:27:12+00:00\",\"dateModified\":\"2026-03-27T12:45:53+00:00\",\"breadcrumb\":{\"@id\":\"https:\/\/www.gruporetiro.com\/inversor\/propiedad\/venta-de-nuda-propiedad-en-cl-antonio-sedeno-cantos-fuengirola-malaga\/#breadcrumb\"},\"inLanguage\":\"es\",\"potentialAction\":[{\"@type\":\"ReadAction\",\"target\":[\"https:\/\/www.gruporetiro.com\/inversor\/propiedad\/venta-de-nuda-propiedad-en-cl-antonio-sedeno-cantos-fuengirola-malaga\/\"]}]},{\"@type\":\"ImageObject\",\"inLanguage\":\"es\",\"@id\":\"https:\/\/www.gruporetiro.com\/inversor\/propiedad\/venta-de-nuda-propiedad-en-cl-antonio-sedeno-cantos-fuengirola-malaga\/#primaryimage\",\"url\":\"https:\/\/www.gruporetiro.com\/inversor\/wp-content\/uploads\/2026\/03\/PHOTO-2025-08-04-18-57-43_1-SALON-1-2-copia.jpg\",\"contentUrl\":\"https:\/\/www.gruporetiro.com\/inversor\/wp-content\/uploads\/2026\/03\/PHOTO-2025-08-04-18-57-43_1-SALON-1-2-copia.jpg\",\"width\":1600,\"height\":1199},{\"@type\":\"BreadcrumbList\",\"@id\":\"https:\/\/www.gruporetiro.com\/inversor\/propiedad\/venta-de-nuda-propiedad-en-cl-antonio-sedeno-cantos-fuengirola-malaga\/#breadcrumb\",\"itemListElement\":[{\"@type\":\"ListItem\",\"position\":1,\"name\":\"Portada\",\"item\":\"https:\/\/www.gruporetiro.com\/inversor\/\"},{\"@type\":\"ListItem\",\"position\":2,\"name\":\"Propiedades\",\"item\":\"https:\/\/www.gruporetiro.com\/inversor\/propiedad\/\"},{\"@type\":\"ListItem\",\"position\":3,\"name\":\"Venta de Nuda Propiedad en Cl Antonio Sede\u00f1o Cantos (Fuengirola &#8211; M\u00e1laga)\"}]},{\"@type\":\"WebSite\",\"@id\":\"https:\/\/www.gruporetiro.com\/inversor\/#website\",\"url\":\"https:\/\/www.gruporetiro.com\/inversor\/\",\"name\":\"Inversi\u00f3n Renta Vitalicia\",\"description\":\"\",\"potentialAction\":[{\"@type\":\"SearchAction\",\"target\":{\"@type\":\"EntryPoint\",\"urlTemplate\":\"https:\/\/www.gruporetiro.com\/inversor\/?s={search_term_string}\"},\"query-input\":{\"@type\":\"PropertyValueSpecification\",\"valueRequired\":true,\"valueName\":\"search_term_string\"}}],\"inLanguage\":\"es\"}]}<\/script>\n<!-- \/ Yoast SEO plugin. -->","yoast_head_json":{"title":"Venta de Nuda Propiedad en Cl Antonio Sede\u00f1o Cantos (Fuengirola - M\u00e1laga) - Inversi\u00f3n Renta Vitalicia","robots":{"index":"index","follow":"follow","max-snippet":"max-snippet:-1","max-image-preview":"max-image-preview:large","max-video-preview":"max-video-preview:-1"},"canonical":"https:\/\/www.gruporetiro.com\/inversor\/propiedad\/venta-de-nuda-propiedad-en-cl-antonio-sedeno-cantos-fuengirola-malaga\/","og_locale":"es_ES","og_type":"article","og_title":"Venta de Nuda Propiedad en Cl Antonio Sede\u00f1o Cantos (Fuengirola - M\u00e1laga) - Inversi\u00f3n Renta Vitalicia","og_description":"Mujer de 70 a\u00f1os, vende la Nuda Propiedad de su vivienda de 67 m2 ,\u00a0 \u00a0en la Cl Antonio Sede\u00f1o Cantos (Fuengirola &#8211; M\u00e1laga), que est\u00e1 valorada en 335.000. La vendedora se reserva el usufructo vitalicio de la vivienda. Se transmite a cambio de un pago \u00fanico de capital de 166.800\u20ac DATOS DEL INMUEBLE DESCRIPCI\u00d3N: [&hellip;]","og_url":"https:\/\/www.gruporetiro.com\/inversor\/propiedad\/venta-de-nuda-propiedad-en-cl-antonio-sedeno-cantos-fuengirola-malaga\/","og_site_name":"Inversi\u00f3n Renta Vitalicia","article_modified_time":"2026-03-27T12:45:53+00:00","og_image":[{"width":1600,"height":1199,"url":"https:\/\/www.gruporetiro.com\/inversor\/wp-content\/uploads\/2026\/03\/PHOTO-2025-08-04-18-57-43_1-SALON-1-2-copia.jpg","type":"image\/jpeg"}],"twitter_card":"summary_large_image","twitter_misc":{"Tiempo de lectura":"1 minuto"},"schema":{"@context":"https:\/\/schema.org","@graph":[{"@type":"WebPage","@id":"https:\/\/www.gruporetiro.com\/inversor\/propiedad\/venta-de-nuda-propiedad-en-cl-antonio-sedeno-cantos-fuengirola-malaga\/","url":"https:\/\/www.gruporetiro.com\/inversor\/propiedad\/venta-de-nuda-propiedad-en-cl-antonio-sedeno-cantos-fuengirola-malaga\/","name":"Venta de Nuda Propiedad en Cl Antonio Sede\u00f1o Cantos (Fuengirola - M\u00e1laga) - Inversi\u00f3n Renta Vitalicia","isPartOf":{"@id":"https:\/\/www.gruporetiro.com\/inversor\/#website"},"primaryImageOfPage":{"@id":"https:\/\/www.gruporetiro.com\/inversor\/propiedad\/venta-de-nuda-propiedad-en-cl-antonio-sedeno-cantos-fuengirola-malaga\/#primaryimage"},"image":{"@id":"https:\/\/www.gruporetiro.com\/inversor\/propiedad\/venta-de-nuda-propiedad-en-cl-antonio-sedeno-cantos-fuengirola-malaga\/#primaryimage"},"thumbnailUrl":"https:\/\/www.gruporetiro.com\/inversor\/wp-content\/uploads\/2026\/03\/PHOTO-2025-08-04-18-57-43_1-SALON-1-2-copia.jpg","datePublished":"2026-03-27T12:27:12+00:00","dateModified":"2026-03-27T12:45:53+00:00","breadcrumb":{"@id":"https:\/\/www.gruporetiro.com\/inversor\/propiedad\/venta-de-nuda-propiedad-en-cl-antonio-sedeno-cantos-fuengirola-malaga\/#breadcrumb"},"inLanguage":"es","potentialAction":[{"@type":"ReadAction","target":["https:\/\/www.gruporetiro.com\/inversor\/propiedad\/venta-de-nuda-propiedad-en-cl-antonio-sedeno-cantos-fuengirola-malaga\/"]}]},{"@type":"ImageObject","inLanguage":"es","@id":"https:\/\/www.gruporetiro.com\/inversor\/propiedad\/venta-de-nuda-propiedad-en-cl-antonio-sedeno-cantos-fuengirola-malaga\/#primaryimage","url":"https:\/\/www.gruporetiro.com\/inversor\/wp-content\/uploads\/2026\/03\/PHOTO-2025-08-04-18-57-43_1-SALON-1-2-copia.jpg","contentUrl":"https:\/\/www.gruporetiro.com\/inversor\/wp-content\/uploads\/2026\/03\/PHOTO-2025-08-04-18-57-43_1-SALON-1-2-copia.jpg","width":1600,"height":1199},{"@type":"BreadcrumbList","@id":"https:\/\/www.gruporetiro.com\/inversor\/propiedad\/venta-de-nuda-propiedad-en-cl-antonio-sedeno-cantos-fuengirola-malaga\/#breadcrumb","itemListElement":[{"@type":"ListItem","position":1,"name":"Portada","item":"https:\/\/www.gruporetiro.com\/inversor\/"},{"@type":"ListItem","position":2,"name":"Propiedades","item":"https:\/\/www.gruporetiro.com\/inversor\/propiedad\/"},{"@type":"ListItem","position":3,"name":"Venta de Nuda Propiedad en Cl Antonio Sede\u00f1o Cantos (Fuengirola &#8211; M\u00e1laga)"}]},{"@type":"WebSite","@id":"https:\/\/www.gruporetiro.com\/inversor\/#website","url":"https:\/\/www.gruporetiro.com\/inversor\/","name":"Inversi\u00f3n Renta Vitalicia","description":"","potentialAction":[{"@type":"SearchAction","target":{"@type":"EntryPoint","urlTemplate":"https:\/\/www.gruporetiro.com\/inversor\/?s={search_term_string}"},"query-input":{"@type":"PropertyValueSpecification","valueRequired":true,"valueName":"search_term_string"}}],"inLanguage":"es"}]}},"_links":{"self":[{"href":"https:\/\/www.gruporetiro.com\/inversor\/wp-json\/wp\/v2\/Propiedades\/21566","targetHints":{"allow":["GET"]}}],"collection":[{"href":"https:\/\/www.gruporetiro.com\/inversor\/wp-json\/wp\/v2\/Propiedades"}],"about":[{"href":"https:\/\/www.gruporetiro.com\/inversor\/wp-json\/wp\/v2\/types\/property"}],"author":[{"embeddable":true,"href":"https:\/\/www.gruporetiro.com\/inversor\/wp-json\/wp\/v2\/users\/2"}],"version-history":[{"count":4,"href":"https:\/\/www.gruporetiro.com\/inversor\/wp-json\/wp\/v2\/Propiedades\/21566\/revisions"}],"predecessor-version":[{"id":21579,"href":"https:\/\/www.gruporetiro.com\/inversor\/wp-json\/wp\/v2\/Propiedades\/21566\/revisions\/21579"}],"wp:featuredmedia":[{"embeddable":true,"href":"https:\/\/www.gruporetiro.com\/inversor\/wp-json\/wp\/v2\/media\/21569"}],"wp:attachment":[{"href":"https:\/\/www.gruporetiro.com\/inversor\/wp-json\/wp\/v2\/media?parent=21566"}],"wp:term":[{"taxonomy":"property_type","embeddable":true,"href":"https:\/\/www.gruporetiro.com\/inversor\/wp-json\/wp\/v2\/property_type?post=21566"},{"taxonomy":"property_status","embeddable":true,"href":"https:\/\/www.gruporetiro.com\/inversor\/wp-json\/wp\/v2\/property_status?post=21566"},{"taxonomy":"property_feature","embeddable":true,"href":"https:\/\/www.gruporetiro.com\/inversor\/wp-json\/wp\/v2\/property_feature?post=21566"},{"taxonomy":"property_label","embeddable":true,"href":"https:\/\/www.gruporetiro.com\/inversor\/wp-json\/wp\/v2\/property_label?post=21566"},{"taxonomy":"property_country","embeddable":true,"href":"https:\/\/www.gruporetiro.com\/inversor\/wp-json\/wp\/v2\/property_country?post=21566"},{"taxonomy":"property_state","embeddable":true,"href":"https:\/\/www.gruporetiro.com\/inversor\/wp-json\/wp\/v2\/property_state?post=21566"},{"taxonomy":"property_city","embeddable":true,"href":"https:\/\/www.gruporetiro.com\/inversor\/wp-json\/wp\/v2\/property_city?post=21566"},{"taxonomy":"property_area","embeddable":true,"href":"https:\/\/www.gruporetiro.com\/inversor\/wp-json\/wp\/v2\/property_area?post=21566"}],"curies":[{"name":"wp","href":"https:\/\/api.w.org\/{rel}","templated":true}]}}