{"id":23990,"date":"2026-09-02T10:06:21","date_gmt":"2026-09-02T08:06:21","guid":{"rendered":"https:\/\/www.gruporetiro.com\/inversor\/?post_type=property&#038;p=23990"},"modified":"2026-09-02T11:38:01","modified_gmt":"2026-09-02T09:38:01","slug":"venta-de-nuda-propiedad-cl-sotavento-elche","status":"publish","type":"property","link":"https:\/\/www.gruporetiro.com\/inversor\/propiedad\/venta-de-nuda-propiedad-cl-sotavento-elche\/","title":{"rendered":"Venta de Nuda Propiedad Cl Sotavento (Elche)"},"content":{"rendered":"<p>Hombre de 71 a\u00f1os y 2 meses, vende la Nuda Propiedad de su vivienda de 187 m<sup>2 <\/sup>en Cl Sotavento (Elche), que est\u00e1 valorado en 155.000 \u20ac.\u00a0 El\u00a0 vendedor se reserva el usufructo vitalicio del inmueble.<span id=\"more-10249\"><\/span><\/p>\n<p>Se transmiten a cambio de un pago \u00fanico de 76.500 \u20ac<\/p>\n<p><strong><span style=\"color: #1ea69a;\">DATOS DEL INMUEBLE<\/span><\/strong><\/p>\n<ul>\n<li style=\"list-style-type: none;\">\u2022 <strong>DESCRIPCI\u00d3N:<\/strong> VIVIENDA EXTERIOR, en buen estado de conservaci\u00f3n, en el barrio de El Altet, junto al Aeropuerto de Alicante. Consta de hall de entrada, pasillo distribuidor, sal\u00f3n-comedor con acceso a terraza, dos dormitorios (uno de ellos con ba\u00f1o en suite), cocina con tendedero y ba\u00f1o adicional.<br \/>\n\u2022 <strong>SUPERFICIE: <\/strong>CATASTRO: 87 m<sup>2<\/sup> (vivienda 78 m<sup>2<\/sup>\u00a0y 9 m<sup>2<\/sup> elementos comunes)<\/li>\n<\/ul>\n<h4><strong><span style=\"color: #1ea69a;\">OTROS DATOS<\/span><\/strong><\/h4>\n<p style=\"padding-left: 40px;\">\u2022 Aire acondicionado<br \/>\n\u2022\u00a0VPO:\u00a0NO. Vivienda libre.<br \/>\n\u2022 Condiciones de accesibilidad: Ascensor: Si (1). Libre de barreras arquitect\u00f3nicas.<br \/>\n\u2022 La primera ITE le corresponde en 2055.<\/p>\n<p>La Esperanza de Vida est\u00e1 elaborada en base a los datos oficiales facilitados por la Direcci\u00f3n General de Seguros y el Instituto Nacional de Estad\u00edstica.<\/p>\n","protected":false},"excerpt":{"rendered":"<p>Hombre de 71 a\u00f1os y 2 meses, vende la Nuda Propiedad de su vivienda de 187 m2 en Cl Sotavento (Elche), que est\u00e1 valorado en 155.000 \u20ac.\u00a0 El\u00a0 vendedor se reserva el usufructo vitalicio del inmueble. Se transmiten a cambio de un pago \u00fanico de 76.500 \u20ac DATOS DEL INMUEBLE \u2022 DESCRIPCI\u00d3N: VIVIENDA EXTERIOR, en [&hellip;]<\/p>\n","protected":false},"author":2,"featured_media":23742,"parent":0,"menu_order":0,"template":"","property_type":[88],"property_status":[],"property_feature":[13],"property_label":[],"property_country":[65],"property_state":[],"property_city":[215,262],"property_area":[],"class_list":["post-23990","property","type-property","status-publish","has-post-thumbnail","hentry","property_type-nuda-propiedad","property_feature-aire-acondicionado","property_country-espana","property_city-alicante","property_city-elche"],"acf":[],"property_meta":{"_wp_page_template":["default"],"fave_property_map_address":["Calle Sotavento, Elche, Espa\u00f1a"],"fave_property_id":["16403"],"fave_property_price":["76500 \u20ac"],"fave_property_size":["87"],"fave_property_bedrooms":["2"],"fave_property_bathrooms":["2"],"fave_valor-de-mercado":["155.000 \u20ac"],"fave_valor-de-vivienda":["76.500 \u20ac"],"fave_edad":["71"],"fave_vpo":["No"],"fave_superficie-catastral":["87 m2"],"fave_descripcion-tarjeta":["Cercano a Aeropuerto de Alicante"],"houzez_total_property_views":["1030"],"houzez_views_by_date":["a:61:{s:10:\"06-23-2026\";i:2;s:10:\"06-24-2026\";i:2;s:10:\"06-25-2026\";i:3;s:10:\"06-27-2026\";i:5;s:10:\"06-28-2026\";i:1;s:10:\"06-30-2026\";i:3;s:10:\"07-01-2026\";i:3;s:10:\"07-02-2026\";i:2;s:10:\"07-03-2026\";i:4;s:10:\"07-04-2026\";i:3;s:10:\"07-05-2026\";i:2;s:10:\"07-06-2026\";i:7;s:10:\"07-07-2026\";i:1;s:10:\"07-09-2026\";i:4;s:10:\"07-10-2026\";i:56;s:10:\"07-11-2026\";i:2;s:10:\"07-12-2026\";i:3;s:10:\"07-13-2026\";i:1;s:10:\"07-14-2026\";i:4;s:10:\"07-15-2026\";i:44;s:10:\"07-16-2026\";i:2;s:10:\"07-21-2026\";i:179;s:10:\"07-22-2026\";i:25;s:10:\"07-23-2026\";i:8;s:10:\"07-24-2026\";i:9;s:10:\"07-25-2026\";i:5;s:10:\"07-26-2026\";i:2;s:10:\"07-27-2026\";i:4;s:10:\"07-29-2026\";i:10;s:10:\"07-30-2026\";i:11;s:10:\"07-31-2026\";i:5;s:10:\"08-01-2026\";i:4;s:10:\"08-02-2026\";i:8;s:10:\"08-03-2026\";i:8;s:10:\"08-04-2026\";i:3;s:10:\"08-05-2026\";i:6;s:10:\"08-06-2026\";i:6;s:10:\"08-07-2026\";i:15;s:10:\"08-08-2026\";i:4;s:10:\"08-09-2026\";i:5;s:10:\"08-10-2026\";i:13;s:10:\"08-11-2026\";i:6;s:10:\"08-15-2026\";i:1;s:10:\"08-16-2026\";i:2;s:10:\"08-17-2026\";i:2;s:10:\"08-18-2026\";i:1;s:10:\"08-19-2026\";i:1;s:10:\"08-20-2026\";i:1;s:10:\"08-21-2026\";i:1;s:10:\"08-22-2026\";i:1;s:10:\"08-23-2026\";i:1;s:10:\"08-24-2026\";i:1;s:10:\"08-25-2026\";i:1;s:10:\"08-26-2026\";i:1;s:10:\"08-27-2026\";i:1;s:10:\"08-28-2026\";i:1;s:10:\"08-29-2026\";i:1;s:10:\"08-30-2026\";i:1;s:10:\"08-31-2026\";i:1;s:10:\"09-01-2026\";i:57;s:10:\"09-02-2026\";i:15;}"],"houzez_recently_viewed":["2026-09-02 12:14:17"],"_edit_lock":["1788343996:2"],"_edit_last":["2"],"fave_show_price_placeholder":["0"],"fave_property_size_prefix":["m\u00b2"],"fave_property_location":["38.2744129,-0.5398981,16"],"houzez_geolocation_lat":["38.2744129"],"houzez_geolocation_long":["-0.5398981"],"fave_property_map_street_view":["show"],"fave_agent_display_option":["agent_info"],"fave_single_top_area":["global"],"fave_single_content_area":["global"],"houzez_manual_expire":["0"],"_houzez_expiration_date_status":["saved"],"fave_payment_status":["not_paid"],"fave_otros-datos-de-la-operacion":["hola mundo."],"fave_property_map":["1"],"otros_datos":["<h5><strong><span style=\"color: #1ea69a;\">CONDICIONES DE LA OPERACI\u00d3N<\/span><\/strong><\/h5>\r\n<ul>\r\n \t<li style=\"list-style-type: none;\">El vendedor se reserva el usufructo vitalicio de la vivienda. Por tanto, al fallecimiento del usufructuario, Usted como comprador, pasar\u00e1 a tener la plena disponibilidad de la vivienda y el trastero, al consolidarse el Uso y Disfrute del mismo con la Nuda Propiedad<\/li>\r\n<\/ul>\r\n<p style=\"padding-left: 40px;\"><strong>El usufructuario ha solicitado reservarse en la Escritura el derecho a poder arrendar la vivienda y trastero.<\/strong><\/p>\r\n\r\n<h5><strong><span style=\"color: #1ea69a;\">GASTOS ANUALES DEL INMUEBLE<\/span><\/strong><\/h5>\r\n<ul>\r\n \t<li style=\"list-style-type: none;\">Ser\u00e1n a cargo del comprador los recibos del IBI, las cuotas extraordinarias de Comunidad y el seguro del continente de la vivienda.\r\nEl resto de gastos, es decir, las cuotas ordinarias de comunidad, la Tasa municipal de Residuos Urbanos (si llegara a existir), seguro de contenido con responsabilidad civil y los recibos de los suministros ser\u00e1n a cargo del usufructuario.<\/li>\r\n<\/ul>\r\n<ul>\r\n \t<li style=\"list-style-type: none;\">\r\n<ul>\r\n \t<li style=\"list-style-type: none;\"><\/li>\r\n<\/ul>\r\n<\/li>\r\n<\/ul>\r\n&nbsp;"],"_otros_datos":["field_697c0f0ac1b24"],"fave_agents":["19757"],"fave_property_price_prefix":["Pago \u00fanico de"],"_yoast_wpseo_primary_property_type":["88"],"_yoast_wpseo_primary_property_status":[""],"_yoast_wpseo_primary_property_feature":["13"],"_yoast_wpseo_primary_property_label":[""],"_yoast_wpseo_primary_property_country":[""],"_yoast_wpseo_primary_property_state":[""],"_yoast_wpseo_primary_property_city":["262"],"_yoast_wpseo_primary_property_area":[""],"_yoast_wpseo_content_score":["90"],"_yoast_wpseo_estimated-reading-time-minutes":["1"],"fave_ite":["La primera ITE le corresponde en 2055"],"fave_property_year":["2005"],"_thumbnail_id":["23742"],"_elementor_page_assets":["a:0:{}"],"_elementor_css":["a:7:{s:4:\"time\";i:1788336336;s:5:\"fonts\";a:0:{}s:5:\"icons\";a:0:{}s:20:\"dynamic_elements_ids\";a:0:{}s:6:\"status\";s:5:\"empty\";i:0;s:0:\"\";s:3:\"css\";s:0:\"\";}"],"fave_property_images":["24044","24030","24038","24041","24039","24037","24034","24035","24036","24031","24032","24033"],"fave_prop_slider_image":["20296"]},"yoast_head":"<!-- This site is optimized with the Yoast SEO plugin v28.3 - https:\/\/yoast.com\/product\/yoast-seo-wordpress\/ -->\n<title>Venta de Nuda Propiedad Cl Sotavento (Elche) - Inversi\u00f3n Renta Vitalicia<\/title>\n<meta name=\"robots\" content=\"index, follow, max-snippet:-1, max-image-preview:large, max-video-preview:-1\" \/>\n<link rel=\"canonical\" href=\"https:\/\/www.gruporetiro.com\/inversor\/propiedad\/venta-de-nuda-propiedad-cl-sotavento-elche\/\" \/>\n<meta property=\"og:locale\" content=\"es_ES\" \/>\n<meta property=\"og:type\" content=\"article\" \/>\n<meta property=\"og:title\" content=\"Venta de Nuda Propiedad Cl Sotavento (Elche) - Inversi\u00f3n Renta Vitalicia\" \/>\n<meta property=\"og:description\" content=\"Hombre de 71 a\u00f1os y 2 meses, vende la Nuda Propiedad de su vivienda de 187 m2 en Cl Sotavento (Elche), que est\u00e1 valorado en 155.000 \u20ac.\u00a0 El\u00a0 vendedor se reserva el usufructo vitalicio del inmueble. Se transmiten a cambio de un pago \u00fanico de 76.500 \u20ac DATOS DEL INMUEBLE \u2022 DESCRIPCI\u00d3N: VIVIENDA EXTERIOR, en [&hellip;]\" \/>\n<meta property=\"og:url\" content=\"https:\/\/www.gruporetiro.com\/inversor\/propiedad\/venta-de-nuda-propiedad-cl-sotavento-elche\/\" \/>\n<meta property=\"og:site_name\" content=\"Inversi\u00f3n Renta Vitalicia\" \/>\n<meta property=\"article:modified_time\" content=\"2026-09-02T09:38:01+00:00\" \/>\n<meta property=\"og:image\" content=\"https:\/\/www.gruporetiro.com\/inversor\/wp-content\/uploads\/2026\/08\/SALON-1-1-1.png\" \/>\n\t<meta property=\"og:image:width\" content=\"1024\" \/>\n\t<meta property=\"og:image:height\" content=\"768\" \/>\n\t<meta property=\"og:image:type\" content=\"image\/png\" \/>\n<meta name=\"twitter:card\" content=\"summary_large_image\" \/>\n<meta name=\"twitter:label1\" content=\"Tiempo de lectura\" \/>\n\t<meta name=\"twitter:data1\" content=\"1 minuto\" \/>\n<script type=\"application\/ld+json\" class=\"yoast-schema-graph\">{\"@context\":\"https:\\\/\\\/schema.org\",\"@graph\":[{\"@type\":\"WebPage\",\"@id\":\"https:\\\/\\\/www.gruporetiro.com\\\/inversor\\\/propiedad\\\/venta-de-nuda-propiedad-cl-sotavento-elche\\\/\",\"url\":\"https:\\\/\\\/www.gruporetiro.com\\\/inversor\\\/propiedad\\\/venta-de-nuda-propiedad-cl-sotavento-elche\\\/\",\"name\":\"Venta de Nuda Propiedad Cl Sotavento (Elche) - Inversi\u00f3n Renta Vitalicia\",\"isPartOf\":{\"@id\":\"https:\\\/\\\/www.gruporetiro.com\\\/inversor\\\/#website\"},\"primaryImageOfPage\":{\"@id\":\"https:\\\/\\\/www.gruporetiro.com\\\/inversor\\\/propiedad\\\/venta-de-nuda-propiedad-cl-sotavento-elche\\\/#primaryimage\"},\"image\":{\"@id\":\"https:\\\/\\\/www.gruporetiro.com\\\/inversor\\\/propiedad\\\/venta-de-nuda-propiedad-cl-sotavento-elche\\\/#primaryimage\"},\"thumbnailUrl\":\"https:\\\/\\\/www.gruporetiro.com\\\/inversor\\\/wp-content\\\/uploads\\\/2026\\\/08\\\/SALON-1-1-1.png\",\"datePublished\":\"2026-09-02T08:06:21+00:00\",\"dateModified\":\"2026-09-02T09:38:01+00:00\",\"breadcrumb\":{\"@id\":\"https:\\\/\\\/www.gruporetiro.com\\\/inversor\\\/propiedad\\\/venta-de-nuda-propiedad-cl-sotavento-elche\\\/#breadcrumb\"},\"inLanguage\":\"es\",\"potentialAction\":[{\"@type\":\"ReadAction\",\"target\":[\"https:\\\/\\\/www.gruporetiro.com\\\/inversor\\\/propiedad\\\/venta-de-nuda-propiedad-cl-sotavento-elche\\\/\"]}]},{\"@type\":\"ImageObject\",\"inLanguage\":\"es\",\"@id\":\"https:\\\/\\\/www.gruporetiro.com\\\/inversor\\\/propiedad\\\/venta-de-nuda-propiedad-cl-sotavento-elche\\\/#primaryimage\",\"url\":\"https:\\\/\\\/www.gruporetiro.com\\\/inversor\\\/wp-content\\\/uploads\\\/2026\\\/08\\\/SALON-1-1-1.png\",\"contentUrl\":\"https:\\\/\\\/www.gruporetiro.com\\\/inversor\\\/wp-content\\\/uploads\\\/2026\\\/08\\\/SALON-1-1-1.png\",\"width\":1448,\"height\":1086},{\"@type\":\"BreadcrumbList\",\"@id\":\"https:\\\/\\\/www.gruporetiro.com\\\/inversor\\\/propiedad\\\/venta-de-nuda-propiedad-cl-sotavento-elche\\\/#breadcrumb\",\"itemListElement\":[{\"@type\":\"ListItem\",\"position\":1,\"name\":\"Portada\",\"item\":\"https:\\\/\\\/www.gruporetiro.com\\\/inversor\\\/\"},{\"@type\":\"ListItem\",\"position\":2,\"name\":\"Propiedades\",\"item\":\"https:\\\/\\\/www.gruporetiro.com\\\/inversor\\\/propiedad\\\/\"},{\"@type\":\"ListItem\",\"position\":3,\"name\":\"Venta de Nuda Propiedad Cl Sotavento (Elche)\"}]},{\"@type\":\"WebSite\",\"@id\":\"https:\\\/\\\/www.gruporetiro.com\\\/inversor\\\/#website\",\"url\":\"https:\\\/\\\/www.gruporetiro.com\\\/inversor\\\/\",\"name\":\"Inversi\u00f3n Renta Vitalicia\",\"description\":\"\",\"potentialAction\":[{\"@type\":\"SearchAction\",\"target\":{\"@type\":\"EntryPoint\",\"urlTemplate\":\"https:\\\/\\\/www.gruporetiro.com\\\/inversor\\\/?s={search_term_string}\"},\"query-input\":{\"@type\":\"PropertyValueSpecification\",\"valueRequired\":true,\"valueName\":\"search_term_string\"}}],\"inLanguage\":\"es\"}]}<\/script>\n<!-- \/ Yoast SEO plugin. -->","yoast_head_json":{"title":"Venta de Nuda Propiedad Cl Sotavento (Elche) - Inversi\u00f3n Renta Vitalicia","robots":{"index":"index","follow":"follow","max-snippet":"max-snippet:-1","max-image-preview":"max-image-preview:large","max-video-preview":"max-video-preview:-1"},"canonical":"https:\/\/www.gruporetiro.com\/inversor\/propiedad\/venta-de-nuda-propiedad-cl-sotavento-elche\/","og_locale":"es_ES","og_type":"article","og_title":"Venta de Nuda Propiedad Cl Sotavento (Elche) - Inversi\u00f3n Renta Vitalicia","og_description":"Hombre de 71 a\u00f1os y 2 meses, vende la Nuda Propiedad de su vivienda de 187 m2 en Cl Sotavento (Elche), que est\u00e1 valorado en 155.000 \u20ac.\u00a0 El\u00a0 vendedor se reserva el usufructo vitalicio del inmueble. Se transmiten a cambio de un pago \u00fanico de 76.500 \u20ac DATOS DEL INMUEBLE \u2022 DESCRIPCI\u00d3N: VIVIENDA EXTERIOR, en [&hellip;]","og_url":"https:\/\/www.gruporetiro.com\/inversor\/propiedad\/venta-de-nuda-propiedad-cl-sotavento-elche\/","og_site_name":"Inversi\u00f3n Renta Vitalicia","article_modified_time":"2026-09-02T09:38:01+00:00","og_image":[{"url":"https:\/\/www.gruporetiro.com\/inversor\/wp-content\/uploads\/2026\/08\/SALON-1-1-1.png","width":1024,"height":768,"type":"image\/png"}],"twitter_card":"summary_large_image","twitter_misc":{"Tiempo de lectura":"1 minuto"},"schema":{"@context":"https:\/\/schema.org","@graph":[{"@type":"WebPage","@id":"https:\/\/www.gruporetiro.com\/inversor\/propiedad\/venta-de-nuda-propiedad-cl-sotavento-elche\/","url":"https:\/\/www.gruporetiro.com\/inversor\/propiedad\/venta-de-nuda-propiedad-cl-sotavento-elche\/","name":"Venta de Nuda Propiedad Cl Sotavento (Elche) - Inversi\u00f3n Renta Vitalicia","isPartOf":{"@id":"https:\/\/www.gruporetiro.com\/inversor\/#website"},"primaryImageOfPage":{"@id":"https:\/\/www.gruporetiro.com\/inversor\/propiedad\/venta-de-nuda-propiedad-cl-sotavento-elche\/#primaryimage"},"image":{"@id":"https:\/\/www.gruporetiro.com\/inversor\/propiedad\/venta-de-nuda-propiedad-cl-sotavento-elche\/#primaryimage"},"thumbnailUrl":"https:\/\/www.gruporetiro.com\/inversor\/wp-content\/uploads\/2026\/08\/SALON-1-1-1.png","datePublished":"2026-09-02T08:06:21+00:00","dateModified":"2026-09-02T09:38:01+00:00","breadcrumb":{"@id":"https:\/\/www.gruporetiro.com\/inversor\/propiedad\/venta-de-nuda-propiedad-cl-sotavento-elche\/#breadcrumb"},"inLanguage":"es","potentialAction":[{"@type":"ReadAction","target":["https:\/\/www.gruporetiro.com\/inversor\/propiedad\/venta-de-nuda-propiedad-cl-sotavento-elche\/"]}]},{"@type":"ImageObject","inLanguage":"es","@id":"https:\/\/www.gruporetiro.com\/inversor\/propiedad\/venta-de-nuda-propiedad-cl-sotavento-elche\/#primaryimage","url":"https:\/\/www.gruporetiro.com\/inversor\/wp-content\/uploads\/2026\/08\/SALON-1-1-1.png","contentUrl":"https:\/\/www.gruporetiro.com\/inversor\/wp-content\/uploads\/2026\/08\/SALON-1-1-1.png","width":1448,"height":1086},{"@type":"BreadcrumbList","@id":"https:\/\/www.gruporetiro.com\/inversor\/propiedad\/venta-de-nuda-propiedad-cl-sotavento-elche\/#breadcrumb","itemListElement":[{"@type":"ListItem","position":1,"name":"Portada","item":"https:\/\/www.gruporetiro.com\/inversor\/"},{"@type":"ListItem","position":2,"name":"Propiedades","item":"https:\/\/www.gruporetiro.com\/inversor\/propiedad\/"},{"@type":"ListItem","position":3,"name":"Venta de Nuda Propiedad Cl Sotavento (Elche)"}]},{"@type":"WebSite","@id":"https:\/\/www.gruporetiro.com\/inversor\/#website","url":"https:\/\/www.gruporetiro.com\/inversor\/","name":"Inversi\u00f3n Renta Vitalicia","description":"","potentialAction":[{"@type":"SearchAction","target":{"@type":"EntryPoint","urlTemplate":"https:\/\/www.gruporetiro.com\/inversor\/?s={search_term_string}"},"query-input":{"@type":"PropertyValueSpecification","valueRequired":true,"valueName":"search_term_string"}}],"inLanguage":"es"}]}},"_links":{"self":[{"href":"https:\/\/www.gruporetiro.com\/inversor\/wp-json\/wp\/v2\/Propiedades\/23990","targetHints":{"allow":["GET"]}}],"collection":[{"href":"https:\/\/www.gruporetiro.com\/inversor\/wp-json\/wp\/v2\/Propiedades"}],"about":[{"href":"https:\/\/www.gruporetiro.com\/inversor\/wp-json\/wp\/v2\/types\/property"}],"author":[{"embeddable":true,"href":"https:\/\/www.gruporetiro.com\/inversor\/wp-json\/wp\/v2\/users\/2"}],"version-history":[{"count":3,"href":"https:\/\/www.gruporetiro.com\/inversor\/wp-json\/wp\/v2\/Propiedades\/23990\/revisions"}],"predecessor-version":[{"id":24029,"href":"https:\/\/www.gruporetiro.com\/inversor\/wp-json\/wp\/v2\/Propiedades\/23990\/revisions\/24029"}],"wp:featuredmedia":[{"embeddable":true,"href":"https:\/\/www.gruporetiro.com\/inversor\/wp-json\/wp\/v2\/media\/23742"}],"wp:attachment":[{"href":"https:\/\/www.gruporetiro.com\/inversor\/wp-json\/wp\/v2\/media?parent=23990"}],"wp:term":[{"taxonomy":"property_type","embeddable":true,"href":"https:\/\/www.gruporetiro.com\/inversor\/wp-json\/wp\/v2\/property_type?post=23990"},{"taxonomy":"property_status","embeddable":true,"href":"https:\/\/www.gruporetiro.com\/inversor\/wp-json\/wp\/v2\/property_status?post=23990"},{"taxonomy":"property_feature","embeddable":true,"href":"https:\/\/www.gruporetiro.com\/inversor\/wp-json\/wp\/v2\/property_feature?post=23990"},{"taxonomy":"property_label","embeddable":true,"href":"https:\/\/www.gruporetiro.com\/inversor\/wp-json\/wp\/v2\/property_label?post=23990"},{"taxonomy":"property_country","embeddable":true,"href":"https:\/\/www.gruporetiro.com\/inversor\/wp-json\/wp\/v2\/property_country?post=23990"},{"taxonomy":"property_state","embeddable":true,"href":"https:\/\/www.gruporetiro.com\/inversor\/wp-json\/wp\/v2\/property_state?post=23990"},{"taxonomy":"property_city","embeddable":true,"href":"https:\/\/www.gruporetiro.com\/inversor\/wp-json\/wp\/v2\/property_city?post=23990"},{"taxonomy":"property_area","embeddable":true,"href":"https:\/\/www.gruporetiro.com\/inversor\/wp-json\/wp\/v2\/property_area?post=23990"}],"curies":[{"name":"wp","href":"https:\/\/api.w.org\/{rel}","templated":true}]}}